{"id":1280,"date":"2025-06-27T09:00:50","date_gmt":"2025-06-27T09:00:50","guid":{"rendered":"https:\/\/www.mamzelleconfetti.com\/ceresa\/?page_id=1280"},"modified":"2025-09-16T20:47:16","modified_gmt":"2025-09-16T20:47:16","slug":"lautisme","status":"publish","type":"page","link":"https:\/\/www.mamzelleconfetti.com\/ceresa\/lautisme\/","title":{"rendered":"L&rsquo;autisme"},"content":{"rendered":"\t\t<div data-elementor-type=\"wp-page\" data-elementor-id=\"1280\" class=\"elementor elementor-1280\" data-elementor-post-type=\"page\">\n\t\t\t\t<div class=\"elementor-element elementor-element-839a96f e-con-full e-flex e-con e-parent\" data-id=\"839a96f\" data-element_type=\"container\">\n\t\t<div class=\"elementor-element elementor-element-3e07a23 e-con-full e-flex e-con e-child\" data-id=\"3e07a23\" data-element_type=\"container\">\n\t\t\t\t<div class=\"elementor-element elementor-element-25d375b elementor-position-left elementor-vertical-align-middle elementor-view-default elementor-mobile-position-top elementor-widget elementor-widget-icon-box\" data-id=\"25d375b\" data-element_type=\"widget\" data-widget_type=\"icon-box.default\">\n\t\t\t\t<div class=\"elementor-widget-container\">\n\t\t\t\t\t\t\t<div class=\"elementor-icon-box-wrapper\">\n\n\t\t\t\t\t\t<div class=\"elementor-icon-box-icon\">\n\t\t\t\t<span  class=\"elementor-icon\">\n\t\t\t\t<svg xmlns=\"http:\/\/www.w3.org\/2000\/svg\" id=\"Calque_1\" data-name=\"Calque 1\" viewBox=\"0 0 296.22 297.04\"><defs><style>      .cls-1 {        fill: #e94190;      }      .cls-2 {        stroke-linecap: round;      }      .cls-2, .cls-3 {        fill: none;        stroke: #5a5959;        stroke-linejoin: round;        stroke-width: 5px;      }    <\/style><\/defs><circle class=\"cls-3\" cx=\"53.04\" cy=\"235.79\" r=\"5.4\"><\/circle><circle class=\"cls-3\" cx=\"97.43\" cy=\"227.48\" r=\"8.3\"><\/circle><rect class=\"cls-3\" x=\"91.43\" y=\"55.86\" width=\"157.14\" height=\"111.56\" rx=\"26.98\" ry=\"26.98\"><\/rect><path class=\"cls-2\" d=\"M166.72,121.67l-11.51,2.42c-1.15-.77-2.21-1.92-3.17-3.45-.96-1.54-1.44-3.34-1.44-5.41s.53-3.53,1.61-4.6c1.07-1.07,2.72-1.88,4.95-2.42l8.75-2.19c2.76-.77,4.83-1.82,6.21-3.17,1.38-1.34,2.07-3.16,2.07-5.46,0-1.99-.86-3.8-2.59-5.41s-4.58-2.42-8.57-2.42c-3.07,0-6.04.4-8.92,1.21-2.88.81-5.2,1.82-6.96,3.05-1.08-.92-2.03-2.03-2.88-3.34-.85-1.3-1.26-2.8-1.26-4.49,0-3.61,2.09-6.31,6.27-8.11,4.18-1.8,9.49-2.7,15.94-2.7,5.75,0,10.64.94,14.67,2.82,4.03,1.88,7.08,4.49,9.15,7.82,2.07,3.34,3.11,7.19,3.11,11.57,0,6.6-2.11,11.85-6.33,15.76-4.22,3.91-10.59,6.75-19.1,8.52ZM151.99,140.08c0-2.84.9-5.18,2.7-7.02,1.8-1.84,4.2-2.76,7.19-2.76s5.5.92,7.31,2.76c1.8,1.84,2.7,4.18,2.7,7.02s-.9,5.16-2.7,6.96c-1.8,1.8-4.24,2.7-7.31,2.7s-5.39-.9-7.19-2.7c-1.8-1.8-2.7-4.12-2.7-6.96Z\"><\/path><path class=\"cls-1\" d=\"M143.02,171.97l9.8,15.08c.47.72,1.19,1.24,2.02,1.46l17.37,4.66-11.31,13.98c-.54.67-.81,1.51-.77,2.37l.94,17.96-16.79-6.44c-.8-.31-1.69-.31-2.49,0l-16.79,6.44.94-17.96c.04-.86-.23-1.7-.77-2.37l-11.31-13.98,17.37-4.66c.83-.22,1.55-.74,2.02-1.46l9.8-15.08Z\"><\/path><\/svg>\t\t\t\t<\/span>\n\t\t\t<\/div>\n\t\t\t\n\t\t\t\t\t\t<div class=\"elementor-icon-box-content\">\n\n\t\t\t\t\t\t\t\t\t<h3 class=\"elementor-icon-box-title\">\n\t\t\t\t\t\t<span  >\n\t\t\t\t\t\t\tQU'EST-CE QUE L'AUTISME ?\t\t\t\t\t\t<\/span>\n\t\t\t\t\t<\/h3>\n\t\t\t\t\n\t\t\t\t\n\t\t\t<\/div>\n\t\t\t\n\t\t<\/div>\n\t\t\t\t\t\t<\/div>\n\t\t\t\t<\/div>\n\t\t\t\t<div class=\"elementor-element elementor-element-82ece73 elementor-widget__width-initial elementor-widget-divider--view-line elementor-widget elementor-widget-divider\" data-id=\"82ece73\" data-element_type=\"widget\" data-widget_type=\"divider.default\">\n\t\t\t\t<div class=\"elementor-widget-container\">\n\t\t\t\t\t\t\t<div class=\"elementor-divider\">\n\t\t\t<span class=\"elementor-divider-separator\">\n\t\t\t\t\t\t<\/span>\n\t\t<\/div>\n\t\t\t\t\t\t<\/div>\n\t\t\t\t<\/div>\n\t\t<div class=\"elementor-element elementor-element-750177e e-grid e-con-full e-con e-child\" data-id=\"750177e\" data-element_type=\"container\">\n\t\t\t\t<div class=\"elementor-element elementor-element-52f0782 elementor-widget elementor-widget-text-editor\" data-id=\"52f0782\" data-element_type=\"widget\" data-widget_type=\"text-editor.default\">\n\t\t\t\t<div class=\"elementor-widget-container\">\n\t\t\t\t\t\t\t\t\t<p><strong>L\u2019autisme est un trouble neurod\u00e9veloppemental qui d\u00e9bute d\u00e8s la petite enfance et qui se manifeste tout au long de la vie.<\/strong><\/p><p>C\u2019est un <strong>handicap invisible<\/strong> (qui ne se voit pas physiquement) qui affecte diff\u00e9rentes fonctions c\u00e9r\u00e9brales, qui <strong>diff\u00e8re selon le profil<\/strong> des enfants et <strong>\u00e9volue<\/strong> tout au long de la vie.<\/p><p>L\u2019autisme est d\u00fb \u00e0 la fois \u00e0 des facteurs g\u00e9n\u00e9tiques (anomalies qui affectent le d\u00e9veloppement c\u00e9r\u00e9bral avant la naissance) et socio-environnementaux (complications \u00e0 la naissance, \u00e2ge avanc\u00e9 des parents, pr\u00e9maturit\u00e9 \u2026)<\/p><p data-start=\"339\" data-end=\"694\">On utilise de plus en plus le terme <strong data-start=\"400\" data-end=\"407\">TSA<\/strong>, qui signifie <strong data-start=\"422\" data-end=\"457\">Trouble du Spectre de l\u2019Autisme<\/strong>. Ce changement de terminologie refl\u00e8te une meilleure compr\u00e9hension de l\u2019autisme : il ne s\u2019agit pas d\u2019un trouble unique qui se manifeste de la m\u00eame mani\u00e8re chez tout le monde, mais d\u2019un <strong data-start=\"643\" data-end=\"693\">ensemble tr\u00e8s large et vari\u00e9 de manifestations<\/strong>.<\/p><p data-start=\"696\" data-end=\"1092\">Le mot <strong data-start=\"703\" data-end=\"716\">\u00ab\u00a0spectre\u00a0\u00bb<\/strong> illustre cette diversit\u00e9. Certaines personnes autistes peuvent avoir besoin d\u2019un accompagnement quotidien, tandis que d\u2019autres sont autonomes et ont des comp\u00e9tences tr\u00e8s d\u00e9velopp\u00e9es dans certains domaines. Les particularit\u00e9s peuvent concerner la communication, les interactions sociales, les comportements, les centres d\u2019int\u00e9r\u00eats sp\u00e9cifiques, la sensibilit\u00e9 sensorielle, etc.<\/p><p data-start=\"1111\" data-end=\"1456\">Chaque personne autiste a un fonctionnement unique, avec ses forces, ses particularit\u00e9s et ses besoins sp\u00e9cifiques. On parle souvent de \u00ab\u00a0singularit\u00e9\u00a0\u00bb plut\u00f4t que de \u00ab\u00a0profil type\u00a0\u00bb. C\u2019est pourquoi on dit souvent qu\u2019il y a autant d\u2019autistes que de formes d&rsquo;autisme : les manifestations, les besoins, les forces et les difficult\u00e9s sont diff\u00e9rents d\u2019un individu \u00e0 l\u2019autre. Cette vision permet de mieux reconna\u00eetre et respecter la diversit\u00e9 des parcours, et d&rsquo;adapter les accompagnements de fa\u00e7on plus personnalis\u00e9e.<\/p>\t\t\t\t\t\t\t\t<\/div>\n\t\t\t\t<\/div>\n\t\t\t\t<div class=\"elementor-element elementor-element-4658b7b elementor-widget elementor-widget-video\" data-id=\"4658b7b\" data-element_type=\"widget\" data-settings=\"{&quot;youtube_url&quot;:&quot;https:\\\/\\\/youtu.be\\\/Ls38oqKOKbQ?si=Db7TueyVf0y8WxVt&quot;,&quot;_animation&quot;:&quot;none&quot;,&quot;video_type&quot;:&quot;youtube&quot;,&quot;controls&quot;:&quot;yes&quot;}\" data-widget_type=\"video.default\">\n\t\t\t\t<div class=\"elementor-widget-container\">\n\t\t\t\t\t\t\t<div class=\"elementor-wrapper elementor-open-inline\">\n\t\t\t<div class=\"elementor-video\"><\/div>\t\t<\/div>\n\t\t\t\t\t\t<\/div>\n\t\t\t\t<\/div>\n\t\t\t\t<\/div>\n\t\t\t\t<\/div>\n\t\t\t\t<\/div>\n\t\t<div class=\"elementor-element elementor-element-b32c5da e-con-full e-flex e-con e-parent\" data-id=\"b32c5da\" data-element_type=\"container\">\n\t\t<div class=\"elementor-element elementor-element-2fc51a5 e-con-full e-flex e-con e-child\" data-id=\"2fc51a5\" data-element_type=\"container\">\n\t\t\t\t<div class=\"elementor-element elementor-element-8d571f7 elementor-position-left elementor-vertical-align-middle elementor-view-default elementor-mobile-position-top elementor-widget elementor-widget-icon-box\" data-id=\"8d571f7\" data-element_type=\"widget\" data-widget_type=\"icon-box.default\">\n\t\t\t\t<div class=\"elementor-widget-container\">\n\t\t\t\t\t\t\t<div class=\"elementor-icon-box-wrapper\">\n\n\t\t\t\t\t\t<div class=\"elementor-icon-box-icon\">\n\t\t\t\t<span  class=\"elementor-icon\">\n\t\t\t\t<svg xmlns=\"http:\/\/www.w3.org\/2000\/svg\" id=\"Calque_1\" data-name=\"Calque 1\" viewBox=\"0 0 296.22 297.04\"><defs><style>      .cls-1 {        fill: #e94190;      }      .cls-2 {        stroke-linecap: round;      }      .cls-2, .cls-3 {        fill: none;        stroke: #5a5959;        stroke-linejoin: round;        stroke-width: 5px;      }    <\/style><\/defs><circle class=\"cls-3\" cx=\"53.04\" cy=\"235.79\" r=\"5.4\"><\/circle><circle class=\"cls-3\" cx=\"97.43\" cy=\"227.48\" r=\"8.3\"><\/circle><rect class=\"cls-3\" x=\"91.43\" y=\"55.86\" width=\"157.14\" height=\"111.56\" rx=\"26.98\" ry=\"26.98\"><\/rect><path class=\"cls-2\" d=\"M166.72,121.67l-11.51,2.42c-1.15-.77-2.21-1.92-3.17-3.45-.96-1.54-1.44-3.34-1.44-5.41s.53-3.53,1.61-4.6c1.07-1.07,2.72-1.88,4.95-2.42l8.75-2.19c2.76-.77,4.83-1.82,6.21-3.17,1.38-1.34,2.07-3.16,2.07-5.46,0-1.99-.86-3.8-2.59-5.41s-4.58-2.42-8.57-2.42c-3.07,0-6.04.4-8.92,1.21-2.88.81-5.2,1.82-6.96,3.05-1.08-.92-2.03-2.03-2.88-3.34-.85-1.3-1.26-2.8-1.26-4.49,0-3.61,2.09-6.31,6.27-8.11,4.18-1.8,9.49-2.7,15.94-2.7,5.75,0,10.64.94,14.67,2.82,4.03,1.88,7.08,4.49,9.15,7.82,2.07,3.34,3.11,7.19,3.11,11.57,0,6.6-2.11,11.85-6.33,15.76-4.22,3.91-10.59,6.75-19.1,8.52ZM151.99,140.08c0-2.84.9-5.18,2.7-7.02,1.8-1.84,4.2-2.76,7.19-2.76s5.5.92,7.31,2.76c1.8,1.84,2.7,4.18,2.7,7.02s-.9,5.16-2.7,6.96c-1.8,1.8-4.24,2.7-7.31,2.7s-5.39-.9-7.19-2.7c-1.8-1.8-2.7-4.12-2.7-6.96Z\"><\/path><path class=\"cls-1\" d=\"M143.02,171.97l9.8,15.08c.47.72,1.19,1.24,2.02,1.46l17.37,4.66-11.31,13.98c-.54.67-.81,1.51-.77,2.37l.94,17.96-16.79-6.44c-.8-.31-1.69-.31-2.49,0l-16.79,6.44.94-17.96c.04-.86-.23-1.7-.77-2.37l-11.31-13.98,17.37-4.66c.83-.22,1.55-.74,2.02-1.46l9.8-15.08Z\"><\/path><\/svg>\t\t\t\t<\/span>\n\t\t\t<\/div>\n\t\t\t\n\t\t\t\t\t\t<div class=\"elementor-icon-box-content\">\n\n\t\t\t\t\t\t\t\t\t<h3 class=\"elementor-icon-box-title\">\n\t\t\t\t\t\t<span  >\n\t\t\t\t\t\t\tQUELS SONT LES SIGNES DE L'AUTISME ?\t\t\t\t\t\t<\/span>\n\t\t\t\t\t<\/h3>\n\t\t\t\t\n\t\t\t\t\n\t\t\t<\/div>\n\t\t\t\n\t\t<\/div>\n\t\t\t\t\t\t<\/div>\n\t\t\t\t<\/div>\n\t\t\t\t<div class=\"elementor-element elementor-element-4fdc6dd elementor-widget__width-initial elementor-widget-divider--view-line elementor-widget elementor-widget-divider\" data-id=\"4fdc6dd\" data-element_type=\"widget\" data-widget_type=\"divider.default\">\n\t\t\t\t<div class=\"elementor-widget-container\">\n\t\t\t\t\t\t\t<div class=\"elementor-divider\">\n\t\t\t<span class=\"elementor-divider-separator\">\n\t\t\t\t\t\t<\/span>\n\t\t<\/div>\n\t\t\t\t\t\t<\/div>\n\t\t\t\t<\/div>\n\t\t<div class=\"elementor-element elementor-element-1d475fb e-grid e-con-full e-con e-child\" data-id=\"1d475fb\" data-element_type=\"container\">\n\t\t\t\t<div class=\"elementor-element elementor-element-3d806fb elementor-widget elementor-widget-text-editor\" data-id=\"3d806fb\" data-element_type=\"widget\" data-widget_type=\"text-editor.default\">\n\t\t\t\t<div class=\"elementor-widget-container\">\n\t\t\t\t\t\t\t\t\t<p style=\"text-align: left;\">Les personnes autistes rencontrent des difficult\u00e9s et pr\u00e9sentent des particularit\u00e9s dans 2 domaines principaux :<\/p><h5 style=\"text-align: center;\"><strong><span style=\"text-decoration: underline;\"><span style=\"color: #2588b1; text-decoration: underline;\">COMMUNICATION ET INTERACTIONS SOCIALES<\/span><\/span><\/strong><\/h5><ul><li><strong>D\u00e9ficits des comportements de communication non verbaux :\u00a0<\/strong>utilisation du regard, coordination entre les modes de communication, utilisation et compr\u00e9hension des gestes de communication, utilisation d\u2019expression faciale, \u2026<\/li><li><strong>D\u00e9ficits dans les interactions sociales<\/strong>\u00a0: initier et\/ou r\u00e9pondre \u00e0 une interaction sociale de mani\u00e8re adapt\u00e9e, s\u2019engager dans une conversation bidirectionnelle, partager des int\u00e9r\u00eats, exprimer et\/ou identifier des \u00e9motions et des affects, r\u00e9conforter \u2026<\/li><li><strong>D\u00e9ficits du d\u00e9veloppement, du maintien et de la compr\u00e9hension des relations sociales :<\/strong>\u00a0se faire des amis,\u00a0 int\u00e9r\u00eat pour les autres, ajuster son comportement en fonction des contextes, s\u2019engager dans des jeux imaginatifs, partager avec les autres, imitation, jeux collectifs, \u2026<\/li><\/ul><h5>\u00a0<\/h5><h5 style=\"text-align: center;\"><span style=\"text-decoration: underline; color: #2588b1;\"><strong>COMPORTEMENTS RESTREINTS, R\u00c9P\u00c9TITIF ET ST\u00c9R\u00c9OTYP\u00c9S<\/strong><\/span><\/h5><ul><li><strong>St\u00e9r\u00e9otypies verbales :\u00a0<\/strong>r\u00e9p\u00e9ter le discours des autres (\u00e9cholalie), utiliser un discours r\u00e9p\u00e9titif et ou m\u00e9canique, utiliser des \u00e9nonc\u00e9s propres \u00e0 soi ou invent\u00e9s, \u2026<\/li><li><strong>St\u00e9r\u00e9otypies motrices :\u00a0<\/strong>mouvements inhabituels des mains, des doigts ou du corps (flapping, crispation des doigts, sautillement,\u2026), utilisation r\u00e9p\u00e9titive et non fonctionnelle des objets (aligner, empiler, faire tourner\u2026), \u2026<\/li><li><strong>Difficult\u00e9s \u00e0 faire face au changement et \u00e0 la nouveaut\u00e9,<\/strong>\u00a0adh\u00e9sion inflexible \u00e0 des\u00a0<strong>routines<\/strong>\u00a0et\/ou des\u00a0<strong>rituels<\/strong>\u00a0verbaux et non verbaux (anxi\u00e9t\u00e9 face au changement, difficult\u00e9s avec les transitions, rigidit\u00e9 de pens\u00e9e, besoin de r\u00e9p\u00e9ter les m\u00eames sch\u00e9mas, comportements compulsifs).<\/li><li><strong>Pr\u00e9sence d\u2019int\u00e9r\u00eats restreints<\/strong>\u00a0inhabituels dans leur intensit\u00e9 ou dans leur cible : fort attachement pour des objets insolites, int\u00e9r\u00eat excessivement restreint et pers\u00e9v\u00e9rant pour des objets ou des concepts, haut niveau de connaissance et d\u2019expertise sur des sujets, \u2026<\/li><li><strong>\u00a0Hyper ou hypo r\u00e9activit\u00e9 \u00e0 des stimulations sensorielles et int\u00e9r\u00eats inhabituels pour des aspects sensoriels de l\u2019environnement<\/strong> (r\u00e9action ind\u00e9sirable \u00e0 certains sons, apparente indiff\u00e9rence \u00e0 la douleur, fascination visuelle pour des lumi\u00e8res, s\u00e9lectivit\u00e9 alimentaire, sensibilit\u00e9 accrue \u00e0 certaines textures et mati\u00e8res\u2026)<\/li><\/ul>\t\t\t\t\t\t\t\t<\/div>\n\t\t\t\t<\/div>\n\t\t\t\t<div class=\"elementor-element elementor-element-90ca620 elementor-widget elementor-widget-image\" data-id=\"90ca620\" data-element_type=\"widget\" data-widget_type=\"image.default\">\n\t\t\t\t<div class=\"elementor-widget-container\">\n\t\t\t\t\t\t\t\t\t\t\t\t\t\t\t<img fetchpriority=\"high\" decoding=\"async\" width=\"721\" height=\"1024\" src=\"https:\/\/www.mamzelleconfetti.com\/ceresa\/wp-content\/uploads\/2025\/07\/autisme.png\" class=\"attachment-medium_large size-medium_large wp-image-2025\" alt=\"\" srcset=\"https:\/\/www.mamzelleconfetti.com\/ceresa\/wp-content\/uploads\/2025\/07\/autisme.png 721w, https:\/\/www.mamzelleconfetti.com\/ceresa\/wp-content\/uploads\/2025\/07\/autisme-211x300.png 211w\" sizes=\"(max-width: 721px) 100vw, 721px\" \/>\t\t\t\t\t\t\t\t\t\t\t\t\t\t\t<\/div>\n\t\t\t\t<\/div>\n\t\t\t\t<\/div>\n\t\t\t\t<\/div>\n\t\t\t\t<\/div>\n\t\t<div class=\"elementor-element elementor-element-04c2748 e-con-full e-flex e-con e-parent\" data-id=\"04c2748\" data-element_type=\"container\">\n\t\t<div class=\"elementor-element elementor-element-4d46991 e-con-full e-flex e-con e-child\" data-id=\"4d46991\" data-element_type=\"container\">\n\t\t\t\t<div class=\"elementor-element elementor-element-5b1324a elementor-position-left elementor-vertical-align-middle elementor-view-default elementor-mobile-position-top elementor-widget elementor-widget-icon-box\" data-id=\"5b1324a\" data-element_type=\"widget\" data-widget_type=\"icon-box.default\">\n\t\t\t\t<div class=\"elementor-widget-container\">\n\t\t\t\t\t\t\t<div class=\"elementor-icon-box-wrapper\">\n\n\t\t\t\t\t\t<div class=\"elementor-icon-box-icon\">\n\t\t\t\t<span  class=\"elementor-icon\">\n\t\t\t\t<svg xmlns=\"http:\/\/www.w3.org\/2000\/svg\" id=\"Calque_1\" data-name=\"Calque 1\" viewBox=\"0 0 296.22 297.04\"><defs><style>      .cls-1 {        fill: #e94190;      }      .cls-2 {        stroke-linecap: round;      }      .cls-2, .cls-3 {        fill: none;        stroke: #5a5959;        stroke-linejoin: round;        stroke-width: 5px;      }    <\/style><\/defs><circle class=\"cls-3\" cx=\"53.04\" cy=\"235.79\" r=\"5.4\"><\/circle><circle class=\"cls-3\" cx=\"97.43\" cy=\"227.48\" r=\"8.3\"><\/circle><rect class=\"cls-3\" x=\"91.43\" y=\"55.86\" width=\"157.14\" height=\"111.56\" rx=\"26.98\" ry=\"26.98\"><\/rect><path class=\"cls-2\" d=\"M166.72,121.67l-11.51,2.42c-1.15-.77-2.21-1.92-3.17-3.45-.96-1.54-1.44-3.34-1.44-5.41s.53-3.53,1.61-4.6c1.07-1.07,2.72-1.88,4.95-2.42l8.75-2.19c2.76-.77,4.83-1.82,6.21-3.17,1.38-1.34,2.07-3.16,2.07-5.46,0-1.99-.86-3.8-2.59-5.41s-4.58-2.42-8.57-2.42c-3.07,0-6.04.4-8.92,1.21-2.88.81-5.2,1.82-6.96,3.05-1.08-.92-2.03-2.03-2.88-3.34-.85-1.3-1.26-2.8-1.26-4.49,0-3.61,2.09-6.31,6.27-8.11,4.18-1.8,9.49-2.7,15.94-2.7,5.75,0,10.64.94,14.67,2.82,4.03,1.88,7.08,4.49,9.15,7.82,2.07,3.34,3.11,7.19,3.11,11.57,0,6.6-2.11,11.85-6.33,15.76-4.22,3.91-10.59,6.75-19.1,8.52ZM151.99,140.08c0-2.84.9-5.18,2.7-7.02,1.8-1.84,4.2-2.76,7.19-2.76s5.5.92,7.31,2.76c1.8,1.84,2.7,4.18,2.7,7.02s-.9,5.16-2.7,6.96c-1.8,1.8-4.24,2.7-7.31,2.7s-5.39-.9-7.19-2.7c-1.8-1.8-2.7-4.12-2.7-6.96Z\"><\/path><path class=\"cls-1\" d=\"M143.02,171.97l9.8,15.08c.47.72,1.19,1.24,2.02,1.46l17.37,4.66-11.31,13.98c-.54.67-.81,1.51-.77,2.37l.94,17.96-16.79-6.44c-.8-.31-1.69-.31-2.49,0l-16.79,6.44.94-17.96c.04-.86-.23-1.7-.77-2.37l-11.31-13.98,17.37-4.66c.83-.22,1.55-.74,2.02-1.46l9.8-15.08Z\"><\/path><\/svg>\t\t\t\t<\/span>\n\t\t\t<\/div>\n\t\t\t\n\t\t\t\t\t\t<div class=\"elementor-icon-box-content\">\n\n\t\t\t\t\t\t\t\t\t<h3 class=\"elementor-icon-box-title\">\n\t\t\t\t\t\t<span  >\n\t\t\t\t\t\t\tVOS QUESTIONS \t\t\t\t\t\t<\/span>\n\t\t\t\t\t<\/h3>\n\t\t\t\t\n\t\t\t\t\n\t\t\t<\/div>\n\t\t\t\n\t\t<\/div>\n\t\t\t\t\t\t<\/div>\n\t\t\t\t<\/div>\n\t\t\t\t<div class=\"elementor-element elementor-element-6fa846f elementor-widget__width-initial elementor-widget-divider--view-line elementor-widget elementor-widget-divider\" data-id=\"6fa846f\" data-element_type=\"widget\" data-widget_type=\"divider.default\">\n\t\t\t\t<div class=\"elementor-widget-container\">\n\t\t\t\t\t\t\t<div class=\"elementor-divider\">\n\t\t\t<span class=\"elementor-divider-separator\">\n\t\t\t\t\t\t<\/span>\n\t\t<\/div>\n\t\t\t\t\t\t<\/div>\n\t\t\t\t<\/div>\n\t\t\t\t<div class=\"elementor-element elementor-element-2f5198d elementor-widget elementor-widget-spacer\" data-id=\"2f5198d\" data-element_type=\"widget\" data-widget_type=\"spacer.default\">\n\t\t\t\t<div class=\"elementor-widget-container\">\n\t\t\t\t\t\t\t<div class=\"elementor-spacer\">\n\t\t\t<div class=\"elementor-spacer-inner\"><\/div>\n\t\t<\/div>\n\t\t\t\t\t\t<\/div>\n\t\t\t\t<\/div>\n\t\t\t\t<div class=\"elementor-element elementor-element-997d0f7 elementor-widget elementor-widget-n-accordion\" data-id=\"997d0f7\" data-element_type=\"widget\" data-settings=\"{&quot;default_state&quot;:&quot;expanded&quot;,&quot;max_items_expended&quot;:&quot;one&quot;,&quot;n_accordion_animation_duration&quot;:{&quot;unit&quot;:&quot;ms&quot;,&quot;size&quot;:400,&quot;sizes&quot;:[]}}\" data-widget_type=\"nested-accordion.default\">\n\t\t\t\t<div class=\"elementor-widget-container\">\n\t\t\t\t\t\t\t<div class=\"e-n-accordion\" aria-label=\"Accordion. Open links with Enter or Space, close with Escape, and navigate with Arrow Keys\">\n\t\t\t\t\t\t<details id=\"e-n-accordion-item-1600\" class=\"e-n-accordion-item\" open>\n\t\t\t\t<summary class=\"e-n-accordion-item-title\" data-accordion-index=\"1\" tabindex=\"0\" aria-expanded=\"true\" aria-controls=\"e-n-accordion-item-1600\" >\n\t\t\t\t\t<span class='e-n-accordion-item-title-header'><div class=\"e-n-accordion-item-title-text\"> Est-ce que l\u2019autisme est une maladie ? <\/div><\/span>\n\t\t\t\t\t\t\t<span class='e-n-accordion-item-title-icon'>\n\t\t\t<span class='e-opened' ><svg aria-hidden=\"true\" class=\"e-font-icon-svg e-fas-minus\" viewBox=\"0 0 448 512\" xmlns=\"http:\/\/www.w3.org\/2000\/svg\"><path d=\"M416 208H32c-17.67 0-32 14.33-32 32v32c0 17.67 14.33 32 32 32h384c17.67 0 32-14.33 32-32v-32c0-17.67-14.33-32-32-32z\"><\/path><\/svg><\/span>\n\t\t\t<span class='e-closed'><svg aria-hidden=\"true\" class=\"e-font-icon-svg e-fas-plus-circle\" viewBox=\"0 0 512 512\" xmlns=\"http:\/\/www.w3.org\/2000\/svg\"><path d=\"M256 8C119 8 8 119 8 256s111 248 248 248 248-111 248-248S393 8 256 8zm144 276c0 6.6-5.4 12-12 12h-92v92c0 6.6-5.4 12-12 12h-56c-6.6 0-12-5.4-12-12v-92h-92c-6.6 0-12-5.4-12-12v-56c0-6.6 5.4-12 12-12h92v-92c0-6.6 5.4-12 12-12h56c6.6 0 12 5.4 12 12v92h92c6.6 0 12 5.4 12 12v56z\"><\/path><\/svg><\/span>\n\t\t<\/span>\n\n\t\t\t\t\t\t<\/summary>\n\t\t\t\t<div role=\"region\" aria-labelledby=\"e-n-accordion-item-1600\" class=\"elementor-element elementor-element-3a4b4a5 e-con-full e-flex e-con e-child\" data-id=\"3a4b4a5\" data-element_type=\"container\">\n\t\t<div role=\"region\" aria-labelledby=\"e-n-accordion-item-1600\" class=\"elementor-element elementor-element-011b815 e-con-full e-flex e-con e-child\" data-id=\"011b815\" data-element_type=\"container\">\n\t\t\t\t<div class=\"elementor-element elementor-element-267ec6d elementor-widget elementor-widget-text-editor\" data-id=\"267ec6d\" data-element_type=\"widget\" data-widget_type=\"text-editor.default\">\n\t\t\t\t<div class=\"elementor-widget-container\">\n\t\t\t\t\t\t\t\t\t<p data-start=\"296\" data-end=\"564\"><strong data-start=\"296\" data-end=\"304\">Non.<\/strong> L\u2019autisme n\u2019est pas une maladie, mais un trouble neurod\u00e9veloppemental. Cela signifie que le cerveau des personnes autistes fonctionne diff\u00e9remment d\u00e8s les premi\u00e8res \u00e9tapes du d\u00e9veloppement. Ce n\u2019est pas quelque chose qu\u2019on attrape, et cela ne se \u00ab\u00a0gu\u00e9rit\u00a0\u00bb pas.<\/p>\t\t\t\t\t\t\t\t<\/div>\n\t\t\t\t<\/div>\n\t\t\t\t<\/div>\n\t\t\t\t<\/div>\n\t\t\t\t\t<\/details>\n\t\t\t\t\t\t<details id=\"e-n-accordion-item-1601\" class=\"e-n-accordion-item\" >\n\t\t\t\t<summary class=\"e-n-accordion-item-title\" data-accordion-index=\"2\" tabindex=\"-1\" aria-expanded=\"false\" aria-controls=\"e-n-accordion-item-1601\" >\n\t\t\t\t\t<span class='e-n-accordion-item-title-header'><div class=\"e-n-accordion-item-title-text\"> Est-ce qu\u2019on peut devenir autiste \u00e0 cause d\u2019un vaccin, d\u2019un traumatisme ou d\u2019une \u00e9ducation ? <\/div><\/span>\n\t\t\t\t\t\t\t<span class='e-n-accordion-item-title-icon'>\n\t\t\t<span class='e-opened' ><svg aria-hidden=\"true\" class=\"e-font-icon-svg e-fas-minus\" viewBox=\"0 0 448 512\" xmlns=\"http:\/\/www.w3.org\/2000\/svg\"><path d=\"M416 208H32c-17.67 0-32 14.33-32 32v32c0 17.67 14.33 32 32 32h384c17.67 0 32-14.33 32-32v-32c0-17.67-14.33-32-32-32z\"><\/path><\/svg><\/span>\n\t\t\t<span class='e-closed'><svg aria-hidden=\"true\" class=\"e-font-icon-svg e-fas-plus-circle\" viewBox=\"0 0 512 512\" xmlns=\"http:\/\/www.w3.org\/2000\/svg\"><path d=\"M256 8C119 8 8 119 8 256s111 248 248 248 248-111 248-248S393 8 256 8zm144 276c0 6.6-5.4 12-12 12h-92v92c0 6.6-5.4 12-12 12h-56c-6.6 0-12-5.4-12-12v-92h-92c-6.6 0-12-5.4-12-12v-56c0-6.6 5.4-12 12-12h92v-92c0-6.6 5.4-12 12-12h56c6.6 0 12 5.4 12 12v92h92c6.6 0 12 5.4 12 12v56z\"><\/path><\/svg><\/span>\n\t\t<\/span>\n\n\t\t\t\t\t\t<\/summary>\n\t\t\t\t<div role=\"region\" aria-labelledby=\"e-n-accordion-item-1601\" class=\"elementor-element elementor-element-b24a8e2 e-con-full e-flex e-con e-child\" data-id=\"b24a8e2\" data-element_type=\"container\">\n\t\t\t\t<div class=\"elementor-element elementor-element-ba112f0 elementor-widget elementor-widget-text-editor\" data-id=\"ba112f0\" data-element_type=\"widget\" data-widget_type=\"text-editor.default\">\n\t\t\t\t<div class=\"elementor-widget-container\">\n\t\t\t\t\t\t\t\t\t<p><strong data-start=\"677\" data-end=\"685\">Non.<\/strong> L\u2019autisme a des origines biologiques et g\u00e9n\u00e9tiques. Aucune \u00e9tude n\u2019a d\u00e9montr\u00e9 de lien entre les vaccins, un choc \u00e9motionnel ou l\u2019\u00e9ducation et l\u2019apparition de l\u2019autisme.<\/p>\t\t\t\t\t\t\t\t<\/div>\n\t\t\t\t<\/div>\n\t\t\t\t<\/div>\n\t\t\t\t\t<\/details>\n\t\t\t\t\t\t<details id=\"e-n-accordion-item-1602\" class=\"e-n-accordion-item\" >\n\t\t\t\t<summary class=\"e-n-accordion-item-title\" data-accordion-index=\"3\" tabindex=\"-1\" aria-expanded=\"false\" aria-controls=\"e-n-accordion-item-1602\" >\n\t\t\t\t\t<span class='e-n-accordion-item-title-header'><div class=\"e-n-accordion-item-title-text\">  Est-ce qu\u2019on peut gu\u00e9rir de l\u2019autisme ? <\/div><\/span>\n\t\t\t\t\t\t\t<span class='e-n-accordion-item-title-icon'>\n\t\t\t<span class='e-opened' ><svg aria-hidden=\"true\" class=\"e-font-icon-svg e-fas-minus\" viewBox=\"0 0 448 512\" xmlns=\"http:\/\/www.w3.org\/2000\/svg\"><path d=\"M416 208H32c-17.67 0-32 14.33-32 32v32c0 17.67 14.33 32 32 32h384c17.67 0 32-14.33 32-32v-32c0-17.67-14.33-32-32-32z\"><\/path><\/svg><\/span>\n\t\t\t<span class='e-closed'><svg aria-hidden=\"true\" class=\"e-font-icon-svg e-fas-plus-circle\" viewBox=\"0 0 512 512\" xmlns=\"http:\/\/www.w3.org\/2000\/svg\"><path d=\"M256 8C119 8 8 119 8 256s111 248 248 248 248-111 248-248S393 8 256 8zm144 276c0 6.6-5.4 12-12 12h-92v92c0 6.6-5.4 12-12 12h-56c-6.6 0-12-5.4-12-12v-92h-92c-6.6 0-12-5.4-12-12v-56c0-6.6 5.4-12 12-12h92v-92c0-6.6 5.4-12 12-12h56c6.6 0 12 5.4 12 12v92h92c6.6 0 12 5.4 12 12v56z\"><\/path><\/svg><\/span>\n\t\t<\/span>\n\n\t\t\t\t\t\t<\/summary>\n\t\t\t\t<div role=\"region\" aria-labelledby=\"e-n-accordion-item-1602\" class=\"elementor-element elementor-element-bfaa3f3 e-con-full e-flex e-con e-child\" data-id=\"bfaa3f3\" data-element_type=\"container\">\n\t\t\t\t<div class=\"elementor-element elementor-element-af8643d elementor-widget elementor-widget-text-editor\" data-id=\"af8643d\" data-element_type=\"widget\" data-widget_type=\"text-editor.default\">\n\t\t\t\t<div class=\"elementor-widget-container\">\n\t\t\t\t\t\t\t\t\t<p><strong data-start=\"233\" data-end=\"274\">Non, on ne \u00ab\u00a0gu\u00e9rit\u00a0\u00bb pas de l\u2019autisme.<\/strong><br data-start=\"274\" data-end=\"277\" \/>L\u2019autisme n\u2019est pas une maladie, mais une fa\u00e7on diff\u00e9rente de fonctionner. Cependant, avec un diagnostic pr\u00e9coce, des accompagnements adapt\u00e9s et un environnement bienveillant, de nombreuses personnes autistes peuvent progresser, mieux comprendre leur fonctionnement et gagner en autonomie.<\/p>\t\t\t\t\t\t\t\t<\/div>\n\t\t\t\t<\/div>\n\t\t\t\t<\/div>\n\t\t\t\t\t<\/details>\n\t\t\t\t\t\t<details id=\"e-n-accordion-item-1603\" class=\"e-n-accordion-item\" >\n\t\t\t\t<summary class=\"e-n-accordion-item-title\" data-accordion-index=\"4\" tabindex=\"-1\" aria-expanded=\"false\" aria-controls=\"e-n-accordion-item-1603\" >\n\t\t\t\t\t<span class='e-n-accordion-item-title-header'><div class=\"e-n-accordion-item-title-text\"> Les enfants autistes deviennent-ils forc\u00e9ment autistes s\u00e9v\u00e8res adultes ? <\/div><\/span>\n\t\t\t\t\t\t\t<span class='e-n-accordion-item-title-icon'>\n\t\t\t<span class='e-opened' ><svg aria-hidden=\"true\" class=\"e-font-icon-svg e-fas-minus\" viewBox=\"0 0 448 512\" xmlns=\"http:\/\/www.w3.org\/2000\/svg\"><path d=\"M416 208H32c-17.67 0-32 14.33-32 32v32c0 17.67 14.33 32 32 32h384c17.67 0 32-14.33 32-32v-32c0-17.67-14.33-32-32-32z\"><\/path><\/svg><\/span>\n\t\t\t<span class='e-closed'><svg aria-hidden=\"true\" class=\"e-font-icon-svg e-fas-plus-circle\" viewBox=\"0 0 512 512\" xmlns=\"http:\/\/www.w3.org\/2000\/svg\"><path d=\"M256 8C119 8 8 119 8 256s111 248 248 248 248-111 248-248S393 8 256 8zm144 276c0 6.6-5.4 12-12 12h-92v92c0 6.6-5.4 12-12 12h-56c-6.6 0-12-5.4-12-12v-92h-92c-6.6 0-12-5.4-12-12v-56c0-6.6 5.4-12 12-12h92v-92c0-6.6 5.4-12 12-12h56c6.6 0 12 5.4 12 12v92h92c6.6 0 12 5.4 12 12v56z\"><\/path><\/svg><\/span>\n\t\t<\/span>\n\n\t\t\t\t\t\t<\/summary>\n\t\t\t\t<div role=\"region\" aria-labelledby=\"e-n-accordion-item-1603\" class=\"elementor-element elementor-element-62251bd e-con-full e-flex e-con e-child\" data-id=\"62251bd\" data-element_type=\"container\">\n\t\t\t\t<div class=\"elementor-element elementor-element-49b3a6f elementor-widget elementor-widget-text-editor\" data-id=\"49b3a6f\" data-element_type=\"widget\" data-widget_type=\"text-editor.default\">\n\t\t\t\t<div class=\"elementor-widget-container\">\n\t\t\t\t\t\t\t\t\t<strong>Pas forc\u00e9ment.<\/strong>\nL\u2019autisme est un spectre : chaque personne est diff\u00e9rente. Certains enfants autistes auront besoin d\u2019un accompagnement important toute leur vie, d\u2019autres d\u00e9velopperont une autonomie partielle ou compl\u00e8te. Un diagnostic pr\u00e9coce et un accompagnement adapt\u00e9 peuvent faire une grande diff\u00e9rence.\t\t\t\t\t\t\t\t<\/div>\n\t\t\t\t<\/div>\n\t\t\t\t<\/div>\n\t\t\t\t\t<\/details>\n\t\t\t\t\t\t<details id=\"e-n-accordion-item-1604\" class=\"e-n-accordion-item\" >\n\t\t\t\t<summary class=\"e-n-accordion-item-title\" data-accordion-index=\"5\" tabindex=\"-1\" aria-expanded=\"false\" aria-controls=\"e-n-accordion-item-1604\" >\n\t\t\t\t\t<span class='e-n-accordion-item-title-header'><div class=\"e-n-accordion-item-title-text\"> Les personnes autistes ne parlent-elles jamais ? <\/div><\/span>\n\t\t\t\t\t\t\t<span class='e-n-accordion-item-title-icon'>\n\t\t\t<span class='e-opened' ><svg aria-hidden=\"true\" class=\"e-font-icon-svg e-fas-minus\" viewBox=\"0 0 448 512\" xmlns=\"http:\/\/www.w3.org\/2000\/svg\"><path d=\"M416 208H32c-17.67 0-32 14.33-32 32v32c0 17.67 14.33 32 32 32h384c17.67 0 32-14.33 32-32v-32c0-17.67-14.33-32-32-32z\"><\/path><\/svg><\/span>\n\t\t\t<span class='e-closed'><svg aria-hidden=\"true\" class=\"e-font-icon-svg e-fas-plus-circle\" viewBox=\"0 0 512 512\" xmlns=\"http:\/\/www.w3.org\/2000\/svg\"><path d=\"M256 8C119 8 8 119 8 256s111 248 248 248 248-111 248-248S393 8 256 8zm144 276c0 6.6-5.4 12-12 12h-92v92c0 6.6-5.4 12-12 12h-56c-6.6 0-12-5.4-12-12v-92h-92c-6.6 0-12-5.4-12-12v-56c0-6.6 5.4-12 12-12h92v-92c0-6.6 5.4-12 12-12h56c6.6 0 12 5.4 12 12v92h92c6.6 0 12 5.4 12 12v56z\"><\/path><\/svg><\/span>\n\t\t<\/span>\n\n\t\t\t\t\t\t<\/summary>\n\t\t\t\t<div role=\"region\" aria-labelledby=\"e-n-accordion-item-1604\" class=\"elementor-element elementor-element-48a3caf e-con-full e-flex e-con e-child\" data-id=\"48a3caf\" data-element_type=\"container\">\n\t\t\t\t<div class=\"elementor-element elementor-element-d974674 elementor-widget elementor-widget-text-editor\" data-id=\"d974674\" data-element_type=\"widget\" data-widget_type=\"text-editor.default\">\n\t\t\t\t<div class=\"elementor-widget-container\">\n\t\t\t\t\t\t\t\t\t<p><strong data-start=\"1336\" data-end=\"1353\">Pas toujours.<\/strong> Certaines personnes autistes sont non-verbales, d&rsquo;autres parlent tr\u00e8s bien. Il existe de nombreux profils : certaines ont un langage riche mais des difficult\u00e9s sociales, d&rsquo;autres utilisent des outils de communication alternatifs.<\/p>\t\t\t\t\t\t\t\t<\/div>\n\t\t\t\t<\/div>\n\t\t\t\t<\/div>\n\t\t\t\t\t<\/details>\n\t\t\t\t\t\t<details id=\"e-n-accordion-item-1605\" class=\"e-n-accordion-item\" >\n\t\t\t\t<summary class=\"e-n-accordion-item-title\" data-accordion-index=\"6\" tabindex=\"-1\" aria-expanded=\"false\" aria-controls=\"e-n-accordion-item-1605\" >\n\t\t\t\t\t<span class='e-n-accordion-item-title-header'><div class=\"e-n-accordion-item-title-text\"> L\u2019autisme se voit-il physiquement ? <\/div><\/span>\n\t\t\t\t\t\t\t<span class='e-n-accordion-item-title-icon'>\n\t\t\t<span class='e-opened' ><svg aria-hidden=\"true\" class=\"e-font-icon-svg e-fas-minus\" viewBox=\"0 0 448 512\" xmlns=\"http:\/\/www.w3.org\/2000\/svg\"><path d=\"M416 208H32c-17.67 0-32 14.33-32 32v32c0 17.67 14.33 32 32 32h384c17.67 0 32-14.33 32-32v-32c0-17.67-14.33-32-32-32z\"><\/path><\/svg><\/span>\n\t\t\t<span class='e-closed'><svg aria-hidden=\"true\" class=\"e-font-icon-svg e-fas-plus-circle\" viewBox=\"0 0 512 512\" xmlns=\"http:\/\/www.w3.org\/2000\/svg\"><path d=\"M256 8C119 8 8 119 8 256s111 248 248 248 248-111 248-248S393 8 256 8zm144 276c0 6.6-5.4 12-12 12h-92v92c0 6.6-5.4 12-12 12h-56c-6.6 0-12-5.4-12-12v-92h-92c-6.6 0-12-5.4-12-12v-56c0-6.6 5.4-12 12-12h92v-92c0-6.6 5.4-12 12-12h56c6.6 0 12 5.4 12 12v92h92c6.6 0 12 5.4 12 12v56z\"><\/path><\/svg><\/span>\n\t\t<\/span>\n\n\t\t\t\t\t\t<\/summary>\n\t\t\t\t<div role=\"region\" aria-labelledby=\"e-n-accordion-item-1605\" class=\"elementor-element elementor-element-80f6074 e-con-full e-flex e-con e-child\" data-id=\"80f6074\" data-element_type=\"container\">\n\t\t\t\t<div class=\"elementor-element elementor-element-5e8e8b2 elementor-widget elementor-widget-text-editor\" data-id=\"5e8e8b2\" data-element_type=\"widget\" data-widget_type=\"text-editor.default\">\n\t\t\t\t<div class=\"elementor-widget-container\">\n\t\t\t\t\t\t\t\t\t<p><strong data-start=\"1639\" data-end=\"1647\">Non.<\/strong> Il n&rsquo;y a pas de \u00ab\u00a0physique\u00a0\u00bb de l&rsquo;autisme. C\u2019est un handicap invisible.<\/p>\t\t\t\t\t\t\t\t<\/div>\n\t\t\t\t<\/div>\n\t\t\t\t<\/div>\n\t\t\t\t\t<\/details>\n\t\t\t\t\t\t<details id=\"e-n-accordion-item-1606\" class=\"e-n-accordion-item\" >\n\t\t\t\t<summary class=\"e-n-accordion-item-title\" data-accordion-index=\"7\" tabindex=\"-1\" aria-expanded=\"false\" aria-controls=\"e-n-accordion-item-1606\" >\n\t\t\t\t\t<span class='e-n-accordion-item-title-header'><div class=\"e-n-accordion-item-title-text\"> Pourquoi les personnes autistes sont-elles sensibles au bruit, \u00e0 la lumi\u00e8re ou au toucher ? <\/div><\/span>\n\t\t\t\t\t\t\t<span class='e-n-accordion-item-title-icon'>\n\t\t\t<span class='e-opened' ><svg aria-hidden=\"true\" class=\"e-font-icon-svg e-fas-minus\" viewBox=\"0 0 448 512\" xmlns=\"http:\/\/www.w3.org\/2000\/svg\"><path d=\"M416 208H32c-17.67 0-32 14.33-32 32v32c0 17.67 14.33 32 32 32h384c17.67 0 32-14.33 32-32v-32c0-17.67-14.33-32-32-32z\"><\/path><\/svg><\/span>\n\t\t\t<span class='e-closed'><svg aria-hidden=\"true\" class=\"e-font-icon-svg e-fas-plus-circle\" viewBox=\"0 0 512 512\" xmlns=\"http:\/\/www.w3.org\/2000\/svg\"><path d=\"M256 8C119 8 8 119 8 256s111 248 248 248 248-111 248-248S393 8 256 8zm144 276c0 6.6-5.4 12-12 12h-92v92c0 6.6-5.4 12-12 12h-56c-6.6 0-12-5.4-12-12v-92h-92c-6.6 0-12-5.4-12-12v-56c0-6.6 5.4-12 12-12h92v-92c0-6.6 5.4-12 12-12h56c6.6 0 12 5.4 12 12v92h92c6.6 0 12 5.4 12 12v56z\"><\/path><\/svg><\/span>\n\t\t<\/span>\n\n\t\t\t\t\t\t<\/summary>\n\t\t\t\t<div role=\"region\" aria-labelledby=\"e-n-accordion-item-1606\" class=\"elementor-element elementor-element-856bebd e-con-full e-flex e-con e-child\" data-id=\"856bebd\" data-element_type=\"container\">\n\t\t\t\t<div class=\"elementor-element elementor-element-d615a91 elementor-widget elementor-widget-text-editor\" data-id=\"d615a91\" data-element_type=\"widget\" data-widget_type=\"text-editor.default\">\n\t\t\t\t<div class=\"elementor-widget-container\">\n\t\t\t\t\t\t\t\t\t<p><strong data-start=\"1967\" data-end=\"2019\">Parce qu\u2019elles per\u00e7oivent le monde diff\u00e9remment.<\/strong> Beaucoup de personnes autistes ont une sensibilit\u00e9 sensorielle accrue. Un bruit, une odeur ou une lumi\u00e8re que d\u2019autres tol\u00e8rent bien peut \u00eatre tr\u00e8s d\u00e9rangeant, voire douloureux.<\/p>\t\t\t\t\t\t\t\t<\/div>\n\t\t\t\t<\/div>\n\t\t\t\t<\/div>\n\t\t\t\t\t<\/details>\n\t\t\t\t\t\t<details id=\"e-n-accordion-item-1607\" class=\"e-n-accordion-item\" >\n\t\t\t\t<summary class=\"e-n-accordion-item-title\" data-accordion-index=\"8\" tabindex=\"-1\" aria-expanded=\"false\" aria-controls=\"e-n-accordion-item-1607\" >\n\t\t\t\t\t<span class='e-n-accordion-item-title-header'><div class=\"e-n-accordion-item-title-text\"> Les personnes autistes veulent-elles avoir des amis ? <\/div><\/span>\n\t\t\t\t\t\t\t<span class='e-n-accordion-item-title-icon'>\n\t\t\t<span class='e-opened' ><svg aria-hidden=\"true\" class=\"e-font-icon-svg e-fas-minus\" viewBox=\"0 0 448 512\" xmlns=\"http:\/\/www.w3.org\/2000\/svg\"><path d=\"M416 208H32c-17.67 0-32 14.33-32 32v32c0 17.67 14.33 32 32 32h384c17.67 0 32-14.33 32-32v-32c0-17.67-14.33-32-32-32z\"><\/path><\/svg><\/span>\n\t\t\t<span class='e-closed'><svg aria-hidden=\"true\" class=\"e-font-icon-svg e-fas-plus-circle\" viewBox=\"0 0 512 512\" xmlns=\"http:\/\/www.w3.org\/2000\/svg\"><path d=\"M256 8C119 8 8 119 8 256s111 248 248 248 248-111 248-248S393 8 256 8zm144 276c0 6.6-5.4 12-12 12h-92v92c0 6.6-5.4 12-12 12h-56c-6.6 0-12-5.4-12-12v-92h-92c-6.6 0-12-5.4-12-12v-56c0-6.6 5.4-12 12-12h92v-92c0-6.6 5.4-12 12-12h56c6.6 0 12 5.4 12 12v92h92c6.6 0 12 5.4 12 12v56z\"><\/path><\/svg><\/span>\n\t\t<\/span>\n\n\t\t\t\t\t\t<\/summary>\n\t\t\t\t<div role=\"region\" aria-labelledby=\"e-n-accordion-item-1607\" class=\"elementor-element elementor-element-9a4b94f e-con-full e-flex e-con e-child\" data-id=\"9a4b94f\" data-element_type=\"container\">\n\t\t\t\t<div class=\"elementor-element elementor-element-3164a8e elementor-widget elementor-widget-text-editor\" data-id=\"3164a8e\" data-element_type=\"widget\" data-widget_type=\"text-editor.default\">\n\t\t\t\t<div class=\"elementor-widget-container\">\n\t\t\t\t\t\t\t\t\t<p><strong data-start=\"2271\" data-end=\"2288\">Oui, souvent.<\/strong> Mais elles peuvent avoir des difficult\u00e9s \u00e0 comprendre les codes sociaux ou \u00e0 initier des relations. Cela ne signifie pas qu\u2019elles n\u2019ont pas besoin de lien, juste qu\u2019elles ont parfois besoin d\u2019aide pour le cr\u00e9er.<\/p>\t\t\t\t\t\t\t\t<\/div>\n\t\t\t\t<\/div>\n\t\t\t\t<\/div>\n\t\t\t\t\t<\/details>\n\t\t\t\t\t\t<details id=\"e-n-accordion-item-1608\" class=\"e-n-accordion-item\" >\n\t\t\t\t<summary class=\"e-n-accordion-item-title\" data-accordion-index=\"9\" tabindex=\"-1\" aria-expanded=\"false\" aria-controls=\"e-n-accordion-item-1608\" >\n\t\t\t\t\t<span class='e-n-accordion-item-title-header'><div class=\"e-n-accordion-item-title-text\"> Les personnes autistes peuvent-elles travailler, \u00e9tudier, vivre seules ? <\/div><\/span>\n\t\t\t\t\t\t\t<span class='e-n-accordion-item-title-icon'>\n\t\t\t<span class='e-opened' ><svg aria-hidden=\"true\" class=\"e-font-icon-svg e-fas-minus\" viewBox=\"0 0 448 512\" xmlns=\"http:\/\/www.w3.org\/2000\/svg\"><path d=\"M416 208H32c-17.67 0-32 14.33-32 32v32c0 17.67 14.33 32 32 32h384c17.67 0 32-14.33 32-32v-32c0-17.67-14.33-32-32-32z\"><\/path><\/svg><\/span>\n\t\t\t<span class='e-closed'><svg aria-hidden=\"true\" class=\"e-font-icon-svg e-fas-plus-circle\" viewBox=\"0 0 512 512\" xmlns=\"http:\/\/www.w3.org\/2000\/svg\"><path d=\"M256 8C119 8 8 119 8 256s111 248 248 248 248-111 248-248S393 8 256 8zm144 276c0 6.6-5.4 12-12 12h-92v92c0 6.6-5.4 12-12 12h-56c-6.6 0-12-5.4-12-12v-92h-92c-6.6 0-12-5.4-12-12v-56c0-6.6 5.4-12 12-12h92v-92c0-6.6 5.4-12 12-12h56c6.6 0 12 5.4 12 12v92h92c6.6 0 12 5.4 12 12v56z\"><\/path><\/svg><\/span>\n\t\t<\/span>\n\n\t\t\t\t\t\t<\/summary>\n\t\t\t\t<div role=\"region\" aria-labelledby=\"e-n-accordion-item-1608\" class=\"elementor-element elementor-element-9221c9d e-con-full e-flex e-con e-child\" data-id=\"9221c9d\" data-element_type=\"container\">\n\t\t\t\t<div class=\"elementor-element elementor-element-c22a34d elementor-widget elementor-widget-text-editor\" data-id=\"c22a34d\" data-element_type=\"widget\" data-widget_type=\"text-editor.default\">\n\t\t\t\t<div class=\"elementor-widget-container\">\n\t\t\t\t\t\t\t\t\t<p><strong data-start=\"2593\" data-end=\"2601\">Oui.<\/strong> Beaucoup le peuvent selon leur profil et le soutien re\u00e7u. Avec les bons am\u00e9nagements, certaines personnes autistes font des \u00e9tudes sup\u00e9rieures, ont un emploi, vivent en autonomie et ont une vie de famille.<\/p>\t\t\t\t\t\t\t\t<\/div>\n\t\t\t\t<\/div>\n\t\t\t\t<\/div>\n\t\t\t\t\t<\/details>\n\t\t\t\t\t\t<details id=\"e-n-accordion-item-1609\" class=\"e-n-accordion-item\" >\n\t\t\t\t<summary class=\"e-n-accordion-item-title\" data-accordion-index=\"10\" tabindex=\"-1\" aria-expanded=\"false\" aria-controls=\"e-n-accordion-item-1609\" >\n\t\t\t\t\t<span class='e-n-accordion-item-title-header'><div class=\"e-n-accordion-item-title-text\"> Pourquoi parle-t-on de \"spectre\" de l\u2019autisme ? <\/div><\/span>\n\t\t\t\t\t\t\t<span class='e-n-accordion-item-title-icon'>\n\t\t\t<span class='e-opened' ><svg aria-hidden=\"true\" class=\"e-font-icon-svg e-fas-minus\" viewBox=\"0 0 448 512\" xmlns=\"http:\/\/www.w3.org\/2000\/svg\"><path d=\"M416 208H32c-17.67 0-32 14.33-32 32v32c0 17.67 14.33 32 32 32h384c17.67 0 32-14.33 32-32v-32c0-17.67-14.33-32-32-32z\"><\/path><\/svg><\/span>\n\t\t\t<span class='e-closed'><svg aria-hidden=\"true\" class=\"e-font-icon-svg e-fas-plus-circle\" viewBox=\"0 0 512 512\" xmlns=\"http:\/\/www.w3.org\/2000\/svg\"><path d=\"M256 8C119 8 8 119 8 256s111 248 248 248 248-111 248-248S393 8 256 8zm144 276c0 6.6-5.4 12-12 12h-92v92c0 6.6-5.4 12-12 12h-56c-6.6 0-12-5.4-12-12v-92h-92c-6.6 0-12-5.4-12-12v-56c0-6.6 5.4-12 12-12h92v-92c0-6.6 5.4-12 12-12h56c6.6 0 12 5.4 12 12v92h92c6.6 0 12 5.4 12 12v56z\"><\/path><\/svg><\/span>\n\t\t<\/span>\n\n\t\t\t\t\t\t<\/summary>\n\t\t\t\t<div role=\"region\" aria-labelledby=\"e-n-accordion-item-1609\" class=\"elementor-element elementor-element-3a22497 e-con-full e-flex e-con e-child\" data-id=\"3a22497\" data-element_type=\"container\">\n\t\t\t\t<div class=\"elementor-element elementor-element-ffc9e3f elementor-widget elementor-widget-text-editor\" data-id=\"ffc9e3f\" data-element_type=\"widget\" data-widget_type=\"text-editor.default\">\n\t\t\t\t<div class=\"elementor-widget-container\">\n\t\t\t\t\t\t\t\t\t<p>Parce que <strong>les manifestations de l\u2019autisme sont tr\u00e8s vari\u00e9es<\/strong>. Deux personnes autistes peuvent \u00eatre tr\u00e8s diff\u00e9rentes dans leurs comp\u00e9tences, leurs difficult\u00e9s, et leurs besoins.<\/p>\t\t\t\t\t\t\t\t<\/div>\n\t\t\t\t<\/div>\n\t\t\t\t<\/div>\n\t\t\t\t\t<\/details>\n\t\t\t\t\t<\/div>\n\t\t\t\t\t\t<\/div>\n\t\t\t\t<\/div>\n\t\t\t\t<\/div>\n\t\t\t\t<\/div>\n\t\t<div class=\"elementor-element elementor-element-8a6ab9f e-con-full e-flex e-con e-parent\" data-id=\"8a6ab9f\" data-element_type=\"container\">\n\t\t\t\t<div class=\"elementor-element elementor-element-34d6985 elementor-widget elementor-widget-spacer\" data-id=\"34d6985\" data-element_type=\"widget\" data-widget_type=\"spacer.default\">\n\t\t\t\t<div class=\"elementor-widget-container\">\n\t\t\t\t\t\t\t<div class=\"elementor-spacer\">\n\t\t\t<div class=\"elementor-spacer-inner\"><\/div>\n\t\t<\/div>\n\t\t\t\t\t\t<\/div>\n\t\t\t\t<\/div>\n\t\t\t\t<\/div>\n\t\t\t\t<\/div>\n\t\t","protected":false},"excerpt":{"rendered":"<p>QU&rsquo;EST-CE QUE L&rsquo;AUTISME ? L\u2019autisme est un trouble neurod\u00e9veloppemental qui d\u00e9bute d\u00e8s la petite enfance et qui se manifeste tout au long de la vie. C\u2019est un handicap invisible (qui ne se voit pas physiquement) qui affecte diff\u00e9rentes fonctions c\u00e9r\u00e9brales, qui diff\u00e8re selon le profil des enfants et \u00e9volue tout au long de la vie. [&hellip;]<\/p>\n","protected":false},"author":1,"featured_media":0,"parent":0,"menu_order":0,"comment_status":"closed","ping_status":"closed","template":"elementor_header_footer","meta":{"footnotes":""},"class_list":["post-1280","page","type-page","status-publish","hentry"],"yoast_head":"<!-- This site is optimized with the Yoast SEO plugin v25.4 - https:\/\/yoast.com\/wordpress\/plugins\/seo\/ -->\n<title>L&#039;autisme - Association CERESA<\/title>\n<meta name=\"robots\" content=\"index, follow, max-snippet:-1, max-image-preview:large, max-video-preview:-1\" \/>\n<link rel=\"canonical\" href=\"https:\/\/www.mamzelleconfetti.com\/ceresa\/lautisme\/\" \/>\n<meta property=\"og:locale\" content=\"fr_FR\" \/>\n<meta property=\"og:type\" content=\"article\" \/>\n<meta property=\"og:title\" content=\"L&#039;autisme - Association CERESA\" \/>\n<meta property=\"og:description\" content=\"QU&rsquo;EST-CE QUE L&rsquo;AUTISME ? L\u2019autisme est un trouble neurod\u00e9veloppemental qui d\u00e9bute d\u00e8s la petite enfance et qui se manifeste tout au long de la vie. C\u2019est un handicap invisible (qui ne se voit pas physiquement) qui affecte diff\u00e9rentes fonctions c\u00e9r\u00e9brales, qui diff\u00e8re selon le profil des enfants et \u00e9volue tout au long de la vie. [&hellip;]\" \/>\n<meta property=\"og:url\" content=\"https:\/\/www.mamzelleconfetti.com\/ceresa\/lautisme\/\" \/>\n<meta property=\"og:site_name\" content=\"Association CERESA\" \/>\n<meta property=\"article:modified_time\" content=\"2025-09-16T20:47:16+00:00\" \/>\n<meta property=\"og:image\" content=\"https:\/\/www.mamzelleconfetti.com\/ceresa\/wp-content\/uploads\/2025\/07\/autisme.png\" \/>\n\t<meta property=\"og:image:width\" content=\"721\" \/>\n\t<meta property=\"og:image:height\" content=\"1024\" \/>\n\t<meta property=\"og:image:type\" content=\"image\/png\" \/>\n<meta name=\"twitter:card\" content=\"summary_large_image\" \/>\n<meta name=\"twitter:label1\" content=\"Dur\u00e9e de lecture estim\u00e9e\" \/>\n\t<meta name=\"twitter:data1\" content=\"7 minutes\" \/>\n<script type=\"application\/ld+json\" class=\"yoast-schema-graph\">{\"@context\":\"https:\/\/schema.org\",\"@graph\":[{\"@type\":\"WebPage\",\"@id\":\"https:\/\/www.mamzelleconfetti.com\/ceresa\/lautisme\/\",\"url\":\"https:\/\/www.mamzelleconfetti.com\/ceresa\/lautisme\/\",\"name\":\"L'autisme - Association CERESA\",\"isPartOf\":{\"@id\":\"https:\/\/www.mamzelleconfetti.com\/ceresa\/#website\"},\"primaryImageOfPage\":{\"@id\":\"https:\/\/www.mamzelleconfetti.com\/ceresa\/lautisme\/#primaryimage\"},\"image\":{\"@id\":\"https:\/\/www.mamzelleconfetti.com\/ceresa\/lautisme\/#primaryimage\"},\"thumbnailUrl\":\"https:\/\/www.mamzelleconfetti.com\/ceresa\/wp-content\/uploads\/2025\/07\/autisme.png\",\"datePublished\":\"2025-06-27T09:00:50+00:00\",\"dateModified\":\"2025-09-16T20:47:16+00:00\",\"breadcrumb\":{\"@id\":\"https:\/\/www.mamzelleconfetti.com\/ceresa\/lautisme\/#breadcrumb\"},\"inLanguage\":\"fr-FR\",\"potentialAction\":[{\"@type\":\"ReadAction\",\"target\":[\"https:\/\/www.mamzelleconfetti.com\/ceresa\/lautisme\/\"]}]},{\"@type\":\"ImageObject\",\"inLanguage\":\"fr-FR\",\"@id\":\"https:\/\/www.mamzelleconfetti.com\/ceresa\/lautisme\/#primaryimage\",\"url\":\"https:\/\/www.mamzelleconfetti.com\/ceresa\/wp-content\/uploads\/2025\/07\/autisme.png\",\"contentUrl\":\"https:\/\/www.mamzelleconfetti.com\/ceresa\/wp-content\/uploads\/2025\/07\/autisme.png\",\"width\":721,\"height\":1024},{\"@type\":\"BreadcrumbList\",\"@id\":\"https:\/\/www.mamzelleconfetti.com\/ceresa\/lautisme\/#breadcrumb\",\"itemListElement\":[{\"@type\":\"ListItem\",\"position\":1,\"name\":\"Accueil\",\"item\":\"https:\/\/www.mamzelleconfetti.com\/ceresa\/\"},{\"@type\":\"ListItem\",\"position\":2,\"name\":\"L&rsquo;autisme\"}]},{\"@type\":\"WebSite\",\"@id\":\"https:\/\/www.mamzelleconfetti.com\/ceresa\/#website\",\"url\":\"https:\/\/www.mamzelleconfetti.com\/ceresa\/\",\"name\":\"Association CERESA\",\"description\":\"\",\"alternateName\":\"CERESA\",\"potentialAction\":[{\"@type\":\"SearchAction\",\"target\":{\"@type\":\"EntryPoint\",\"urlTemplate\":\"https:\/\/www.mamzelleconfetti.com\/ceresa\/?s={search_term_string}\"},\"query-input\":{\"@type\":\"PropertyValueSpecification\",\"valueRequired\":true,\"valueName\":\"search_term_string\"}}],\"inLanguage\":\"fr-FR\"}]}<\/script>\n<!-- \/ Yoast SEO plugin. -->","yoast_head_json":{"title":"L'autisme - Association CERESA","robots":{"index":"index","follow":"follow","max-snippet":"max-snippet:-1","max-image-preview":"max-image-preview:large","max-video-preview":"max-video-preview:-1"},"canonical":"https:\/\/www.mamzelleconfetti.com\/ceresa\/lautisme\/","og_locale":"fr_FR","og_type":"article","og_title":"L'autisme - Association CERESA","og_description":"QU&rsquo;EST-CE QUE L&rsquo;AUTISME ? L\u2019autisme est un trouble neurod\u00e9veloppemental qui d\u00e9bute d\u00e8s la petite enfance et qui se manifeste tout au long de la vie. C\u2019est un handicap invisible (qui ne se voit pas physiquement) qui affecte diff\u00e9rentes fonctions c\u00e9r\u00e9brales, qui diff\u00e8re selon le profil des enfants et \u00e9volue tout au long de la vie. [&hellip;]","og_url":"https:\/\/www.mamzelleconfetti.com\/ceresa\/lautisme\/","og_site_name":"Association CERESA","article_modified_time":"2025-09-16T20:47:16+00:00","og_image":[{"width":721,"height":1024,"url":"https:\/\/www.mamzelleconfetti.com\/ceresa\/wp-content\/uploads\/2025\/07\/autisme.png","type":"image\/png"}],"twitter_card":"summary_large_image","twitter_misc":{"Dur\u00e9e de lecture estim\u00e9e":"7 minutes"},"schema":{"@context":"https:\/\/schema.org","@graph":[{"@type":"WebPage","@id":"https:\/\/www.mamzelleconfetti.com\/ceresa\/lautisme\/","url":"https:\/\/www.mamzelleconfetti.com\/ceresa\/lautisme\/","name":"L'autisme - Association CERESA","isPartOf":{"@id":"https:\/\/www.mamzelleconfetti.com\/ceresa\/#website"},"primaryImageOfPage":{"@id":"https:\/\/www.mamzelleconfetti.com\/ceresa\/lautisme\/#primaryimage"},"image":{"@id":"https:\/\/www.mamzelleconfetti.com\/ceresa\/lautisme\/#primaryimage"},"thumbnailUrl":"https:\/\/www.mamzelleconfetti.com\/ceresa\/wp-content\/uploads\/2025\/07\/autisme.png","datePublished":"2025-06-27T09:00:50+00:00","dateModified":"2025-09-16T20:47:16+00:00","breadcrumb":{"@id":"https:\/\/www.mamzelleconfetti.com\/ceresa\/lautisme\/#breadcrumb"},"inLanguage":"fr-FR","potentialAction":[{"@type":"ReadAction","target":["https:\/\/www.mamzelleconfetti.com\/ceresa\/lautisme\/"]}]},{"@type":"ImageObject","inLanguage":"fr-FR","@id":"https:\/\/www.mamzelleconfetti.com\/ceresa\/lautisme\/#primaryimage","url":"https:\/\/www.mamzelleconfetti.com\/ceresa\/wp-content\/uploads\/2025\/07\/autisme.png","contentUrl":"https:\/\/www.mamzelleconfetti.com\/ceresa\/wp-content\/uploads\/2025\/07\/autisme.png","width":721,"height":1024},{"@type":"BreadcrumbList","@id":"https:\/\/www.mamzelleconfetti.com\/ceresa\/lautisme\/#breadcrumb","itemListElement":[{"@type":"ListItem","position":1,"name":"Accueil","item":"https:\/\/www.mamzelleconfetti.com\/ceresa\/"},{"@type":"ListItem","position":2,"name":"L&rsquo;autisme"}]},{"@type":"WebSite","@id":"https:\/\/www.mamzelleconfetti.com\/ceresa\/#website","url":"https:\/\/www.mamzelleconfetti.com\/ceresa\/","name":"Association CERESA","description":"","alternateName":"CERESA","potentialAction":[{"@type":"SearchAction","target":{"@type":"EntryPoint","urlTemplate":"https:\/\/www.mamzelleconfetti.com\/ceresa\/?s={search_term_string}"},"query-input":{"@type":"PropertyValueSpecification","valueRequired":true,"valueName":"search_term_string"}}],"inLanguage":"fr-FR"}]}},"_links":{"self":[{"href":"https:\/\/www.mamzelleconfetti.com\/ceresa\/wp-json\/wp\/v2\/pages\/1280","targetHints":{"allow":["GET"]}}],"collection":[{"href":"https:\/\/www.mamzelleconfetti.com\/ceresa\/wp-json\/wp\/v2\/pages"}],"about":[{"href":"https:\/\/www.mamzelleconfetti.com\/ceresa\/wp-json\/wp\/v2\/types\/page"}],"author":[{"embeddable":true,"href":"https:\/\/www.mamzelleconfetti.com\/ceresa\/wp-json\/wp\/v2\/users\/1"}],"replies":[{"embeddable":true,"href":"https:\/\/www.mamzelleconfetti.com\/ceresa\/wp-json\/wp\/v2\/comments?post=1280"}],"version-history":[{"count":103,"href":"https:\/\/www.mamzelleconfetti.com\/ceresa\/wp-json\/wp\/v2\/pages\/1280\/revisions"}],"predecessor-version":[{"id":5448,"href":"https:\/\/www.mamzelleconfetti.com\/ceresa\/wp-json\/wp\/v2\/pages\/1280\/revisions\/5448"}],"wp:attachment":[{"href":"https:\/\/www.mamzelleconfetti.com\/ceresa\/wp-json\/wp\/v2\/media?parent=1280"}],"curies":[{"name":"wp","href":"https:\/\/api.w.org\/{rel}","templated":true}]}}