{"id":1330,"date":"2025-06-27T10:22:30","date_gmt":"2025-06-27T10:22:30","guid":{"rendered":"https:\/\/www.mamzelleconfetti.com\/ceresa\/?page_id=1330"},"modified":"2025-09-17T07:14:17","modified_gmt":"2025-09-17T07:14:17","slug":"presentation","status":"publish","type":"page","link":"https:\/\/www.mamzelleconfetti.com\/ceresa\/presentation\/","title":{"rendered":"Pr\u00e9sentation"},"content":{"rendered":"\t\t<div data-elementor-type=\"wp-page\" data-elementor-id=\"1330\" class=\"elementor elementor-1330\" data-elementor-post-type=\"page\">\n\t\t\t\t<div class=\"elementor-element elementor-element-260f3b6 e-con-full e-flex e-con e-parent\" data-id=\"260f3b6\" data-element_type=\"container\">\n\t\t<div class=\"elementor-element elementor-element-a5c1a72 e-con-full e-flex e-con e-child\" data-id=\"a5c1a72\" data-element_type=\"container\">\n\t\t\t\t<div class=\"elementor-element elementor-element-67046ab elementor-widget__width-initial elementor-widget elementor-widget-text-editor\" data-id=\"67046ab\" data-element_type=\"widget\" data-widget_type=\"text-editor.default\">\n\t\t\t\t<div class=\"elementor-widget-container\">\n\t\t\t\t\t\t\t\t\t<p style=\"text-align: center;\"><strong>Le\u00a0CERESA\u00a0(Centre R\u00e9gional d\u2019\u00c9ducation et de Services pour l\u2019Autisme) est une association loi 1901 cr\u00e9\u00e9e en juillet 2005 par un groupe de parents r\u00e9unis autour de\u00a0Madame le Pr Bernadette ROG\u00c9.<\/strong><\/p>\t\t\t\t\t\t\t\t<\/div>\n\t\t\t\t<\/div>\n\t\t\t\t<div class=\"elementor-element elementor-element-15b94d0 elementor-position-left elementor-vertical-align-middle elementor-view-default elementor-mobile-position-top elementor-widget elementor-widget-icon-box\" data-id=\"15b94d0\" data-element_type=\"widget\" data-widget_type=\"icon-box.default\">\n\t\t\t\t<div class=\"elementor-widget-container\">\n\t\t\t\t\t\t\t<div class=\"elementor-icon-box-wrapper\">\n\n\t\t\t\t\t\t<div class=\"elementor-icon-box-icon\">\n\t\t\t\t<span  class=\"elementor-icon\">\n\t\t\t\t<svg xmlns=\"http:\/\/www.w3.org\/2000\/svg\" id=\"Calque_1\" data-name=\"Calque 1\" viewBox=\"0 0 296.22 297.04\"><defs><style>      .cls-1 {        fill: #e94190;      }      .cls-2 {        fill: none;        stroke: #5a5959;        stroke-linejoin: round;        stroke-width: 5px;      }    <\/style><\/defs><path class=\"cls-2\" d=\"M112.57,240.76h112.39c10.84,0,19.63-8.79,19.63-19.63v-18.18h-110.46c1.16,22.4-11.95,37.76-21.56,37.81-9.63.05-22.96-15.27-21.89-37.81l1.34-80.26c1.07-22.54-12.26-37.86-21.89-37.81-9.6.05-22.71,15.41-21.56,37.81h43.45\"><\/path><line class=\"cls-2\" x1=\"204.27\" y1=\"150.91\" x2=\"204.27\" y2=\"202.95\"><\/line><path class=\"cls-2\" d=\"M70.13,84.87h110.96c11.15,0,20.47,7.88,22.68,18.37\"><\/path><path class=\"cls-1\" d=\"M148.1,130.05l10.07,15.5c.34.52.86.9,1.46,1.06l17.86,4.79-11.63,14.37c-.39.48-.59,1.1-.56,1.72l.96,18.46-17.26-6.62c-.58-.22-1.22-.22-1.81,0l-17.26,6.62.96-18.46c.03-.62-.17-1.23-.56-1.72l-11.63-14.37,17.86-4.79c.6-.16,1.12-.54,1.46-1.06l10.07-15.5Z\"><\/path><g><path class=\"cls-2\" d=\"M178.9,148.17s-7.8-29.28,13.37-45.52l4.54,5.81s51.82-50.16,77.21-33.28c17.55,11.66-53.7,59.48-53.7,59.48l7.09,8.02s-32.45,13.04-39.7,11.29c-7.25-1.75-8.82-5.8-8.82-5.8Z\"><\/path><path class=\"cls-2\" d=\"M229.98,104.1s-61.24,51.89-67.42,64.41\"><\/path><\/g><\/svg>\t\t\t\t<\/span>\n\t\t\t<\/div>\n\t\t\t\n\t\t\t\t\t\t<div class=\"elementor-icon-box-content\">\n\n\t\t\t\t\t\t\t\t\t<h3 class=\"elementor-icon-box-title\">\n\t\t\t\t\t\t<span  >\n\t\t\t\t\t\t\tNOTRE HISTOIRE\t\t\t\t\t\t<\/span>\n\t\t\t\t\t<\/h3>\n\t\t\t\t\n\t\t\t\t\n\t\t\t<\/div>\n\t\t\t\n\t\t<\/div>\n\t\t\t\t\t\t<\/div>\n\t\t\t\t<\/div>\n\t\t\t\t<div class=\"elementor-element elementor-element-3e73e97 elementor-widget__width-initial elementor-widget-divider--view-line elementor-widget elementor-widget-divider\" data-id=\"3e73e97\" data-element_type=\"widget\" data-widget_type=\"divider.default\">\n\t\t\t\t<div class=\"elementor-widget-container\">\n\t\t\t\t\t\t\t<div class=\"elementor-divider\">\n\t\t\t<span class=\"elementor-divider-separator\">\n\t\t\t\t\t\t<\/span>\n\t\t<\/div>\n\t\t\t\t\t\t<\/div>\n\t\t\t\t<\/div>\n\t\t\t\t<\/div>\n\t\t\t\t<\/div>\n\t\t<div class=\"elementor-element elementor-element-b342f8f e-con-full e-flex e-con e-parent\" data-id=\"b342f8f\" data-element_type=\"container\">\n\t\t<div class=\"elementor-element elementor-element-48ecfe6 e-con-full e-flex e-con e-child\" data-id=\"48ecfe6\" data-element_type=\"container\">\n\t\t\t\t<div class=\"elementor-element elementor-element-df309af elementor-widget elementor-widget-spacer\" data-id=\"df309af\" data-element_type=\"widget\" data-widget_type=\"spacer.default\">\n\t\t\t\t<div class=\"elementor-widget-container\">\n\t\t\t\t\t\t\t<div class=\"elementor-spacer\">\n\t\t\t<div class=\"elementor-spacer-inner\"><\/div>\n\t\t<\/div>\n\t\t\t\t\t\t<\/div>\n\t\t\t\t<\/div>\n\t\t<div class=\"elementor-element elementor-element-af4568b e-con-full e-flex e-con e-child\" data-id=\"af4568b\" data-element_type=\"container\" data-settings=\"{&quot;background_background&quot;:&quot;classic&quot;}\">\n\t\t<div class=\"elementor-element elementor-element-10bb7f85 e-con-full e-flex e-con e-child\" data-id=\"10bb7f85\" data-element_type=\"container\">\n\t\t<div class=\"elementor-element elementor-element-222d344d animated-slow e-con-full e-flex elementor-invisible e-con e-child\" data-id=\"222d344d\" data-element_type=\"container\" data-settings=\"{&quot;animation&quot;:&quot;fadeInUp&quot;,&quot;animation_delay&quot;:150}\">\n\t\t\t\t<div class=\"elementor-element elementor-element-17dda0a3 elementor-cta--layout-image-above elementor-cta--valign-bottom elementor-cta--skin-classic elementor-animated-content elementor-bg-transform elementor-bg-transform-zoom-in elementor-widget elementor-widget-call-to-action\" data-id=\"17dda0a3\" data-element_type=\"widget\" data-widget_type=\"call-to-action.default\">\n\t\t\t\t<div class=\"elementor-widget-container\">\n\t\t\t\t\t\t\t<div class=\"elementor-cta\">\n\t\t\t\t\t\t\t<div class=\"elementor-cta__content\">\n\t\t\t\t\n\t\t\t\t\t\t\t\t\t<h2 class=\"elementor-cta__title elementor-cta__content-item elementor-content-item\">\n\t\t\t\t\t\tUne rencontre fondatrice\t\t\t\t\t<\/h2>\n\t\t\t\t\n\t\t\t\t\n\t\t\t\t\t\t\t<\/div>\n\t\t\t\t\t\t<\/div>\n\t\t\t\t\t\t<\/div>\n\t\t\t\t<\/div>\n\t\t\t\t<div class=\"elementor-element elementor-element-4f68f271 elementor-widget__width-initial animated-slow elementor-invisible elementor-widget elementor-widget-spacer\" data-id=\"4f68f271\" data-element_type=\"widget\" data-settings=\"{&quot;_animation&quot;:&quot;rotateInDownLeft&quot;}\" data-widget_type=\"spacer.default\">\n\t\t\t\t<div class=\"elementor-widget-container\">\n\t\t\t\t\t\t\t<div class=\"elementor-spacer\">\n\t\t\t<div class=\"elementor-spacer-inner\"><\/div>\n\t\t<\/div>\n\t\t\t\t\t\t<\/div>\n\t\t\t\t<\/div>\n\t\t\t\t<div class=\"elementor-element elementor-element-f580682 elementor-widget elementor-widget-text-editor\" data-id=\"f580682\" data-element_type=\"widget\" data-widget_type=\"text-editor.default\">\n\t\t\t\t<div class=\"elementor-widget-container\">\n\t\t\t\t\t\t\t\t\t<p>Le CERESA est n\u00e9 d\u2019une rencontre d\u00e9terminante entre des parents d\u2019enfants autistes et le Professeur Bernadette Rog\u00e9, sp\u00e9cialiste reconnue de l\u2019autisme en France. \u00c0 l\u2019\u00e9poque, ces familles \u00e9taient en qu\u00eate de r\u00e9ponses concr\u00e8tes et de solutions adapt\u00e9es pour leurs enfants. Ensemble, avec le soutien scientifique et humain du Pr Rog\u00e9, ils ont lanc\u00e9 une exp\u00e9rimentation ambitieuse : mettre en place un mod\u00e8le d\u2019intervention intensive pr\u00e9coce pour les jeunes enfants autistes.<\/p>\t\t\t\t\t\t\t\t<\/div>\n\t\t\t\t<\/div>\n\t\t\t\t<\/div>\n\t\t<div class=\"elementor-element elementor-element-2126a434 animated-slow e-con-full e-flex elementor-invisible e-con e-child\" data-id=\"2126a434\" data-element_type=\"container\" data-settings=\"{&quot;animation&quot;:&quot;fadeInUp&quot;,&quot;animation_delay&quot;:150}\">\n\t\t\t\t<div class=\"elementor-element elementor-element-12bd31c7 elementor-cta--layout-image-above elementor-cta--valign-bottom elementor-cta--skin-classic elementor-animated-content elementor-bg-transform elementor-bg-transform-zoom-in elementor-widget elementor-widget-call-to-action\" data-id=\"12bd31c7\" data-element_type=\"widget\" data-widget_type=\"call-to-action.default\">\n\t\t\t\t<div class=\"elementor-widget-container\">\n\t\t\t\t\t\t\t<div class=\"elementor-cta\">\n\t\t\t\t\t\t\t<div class=\"elementor-cta__content\">\n\t\t\t\t\n\t\t\t\t\t\t\t\t\t<h2 class=\"elementor-cta__title elementor-cta__content-item elementor-content-item\">\n\t\t\t\t\t\tUn projet soutenu par la recherche universitaire\t\t\t\t\t<\/h2>\n\t\t\t\t\n\t\t\t\t\n\t\t\t\t\t\t\t<\/div>\n\t\t\t\t\t\t<\/div>\n\t\t\t\t\t\t<\/div>\n\t\t\t\t<\/div>\n\t\t\t\t<div class=\"elementor-element elementor-element-e309a1 elementor-widget__width-initial animated-slow elementor-invisible elementor-widget elementor-widget-spacer\" data-id=\"e309a1\" data-element_type=\"widget\" data-settings=\"{&quot;_animation&quot;:&quot;rotateInDownLeft&quot;}\" data-widget_type=\"spacer.default\">\n\t\t\t\t<div class=\"elementor-widget-container\">\n\t\t\t\t\t\t\t<div class=\"elementor-spacer\">\n\t\t\t<div class=\"elementor-spacer-inner\"><\/div>\n\t\t<\/div>\n\t\t\t\t\t\t<\/div>\n\t\t\t\t<\/div>\n\t\t\t\t<div class=\"elementor-element elementor-element-41dc9b7 elementor-widget elementor-widget-text-editor\" data-id=\"41dc9b7\" data-element_type=\"widget\" data-widget_type=\"text-editor.default\">\n\t\t\t\t<div class=\"elementor-widget-container\">\n\t\t\t\t\t\t\t\t\t<p>Ces travaux ont \u00e9t\u00e9 men\u00e9s sous l\u2019impulsion du Pr Rog\u00e9, alors Professeur \u00e0 l\u2019Universit\u00e9 Toulouse Jean Jaur\u00e8s et Directrice du p\u00f4le de recherche en psychopathologie d\u00e9veloppementale au sein de l\u2019Unit\u00e9 de Recherche Interdisciplinaire Octogone (EA 4156). Il s\u2019agissait de favoriser la mise en place d\u2019une exp\u00e9rimentation de l\u2019intervention intensive pr\u00e9coce pour de jeunes atteints d\u2019autisme. Ce programme de recherche a permis de valider ce mod\u00e8le organisationnel dont le prolongement a \u00e9t\u00e9 la cr\u00e9ation du CERESA, le 2 juin 2005.<\/p>\t\t\t\t\t\t\t\t<\/div>\n\t\t\t\t<\/div>\n\t\t\t\t<\/div>\n\t\t<div class=\"elementor-element elementor-element-389daefd animated-slow e-con-full e-flex elementor-invisible e-con e-child\" data-id=\"389daefd\" data-element_type=\"container\" data-settings=\"{&quot;animation&quot;:&quot;fadeInUp&quot;,&quot;animation_delay&quot;:150}\">\n\t\t\t\t<div class=\"elementor-element elementor-element-13167bf elementor-cta--layout-image-above elementor-cta--valign-bottom elementor-cta--skin-classic elementor-animated-content elementor-bg-transform elementor-bg-transform-zoom-in elementor-widget elementor-widget-call-to-action\" data-id=\"13167bf\" data-element_type=\"widget\" data-widget_type=\"call-to-action.default\">\n\t\t\t\t<div class=\"elementor-widget-container\">\n\t\t\t\t\t\t\t<div class=\"elementor-cta\">\n\t\t\t\t\t\t\t<div class=\"elementor-cta__content\">\n\t\t\t\t\n\t\t\t\t\t\t\t\t\t<h2 class=\"elementor-cta__title elementor-cta__content-item elementor-content-item\">\n\t\t\t\t\t\tUne action pionni\u00e8re et reconnue\t\t\t\t\t<\/h2>\n\t\t\t\t\n\t\t\t\t\n\t\t\t\t\t\t\t<\/div>\n\t\t\t\t\t\t<\/div>\n\t\t\t\t\t\t<\/div>\n\t\t\t\t<\/div>\n\t\t\t\t<div class=\"elementor-element elementor-element-3fc4d170 elementor-widget__width-initial animated-slow elementor-invisible elementor-widget elementor-widget-spacer\" data-id=\"3fc4d170\" data-element_type=\"widget\" data-settings=\"{&quot;_animation&quot;:&quot;rotateInDownLeft&quot;}\" data-widget_type=\"spacer.default\">\n\t\t\t\t<div class=\"elementor-widget-container\">\n\t\t\t\t\t\t\t<div class=\"elementor-spacer\">\n\t\t\t<div class=\"elementor-spacer-inner\"><\/div>\n\t\t<\/div>\n\t\t\t\t\t\t<\/div>\n\t\t\t\t<\/div>\n\t\t\t\t<div class=\"elementor-element elementor-element-c2895e8 elementor-widget elementor-widget-text-editor\" data-id=\"c2895e8\" data-element_type=\"widget\" data-widget_type=\"text-editor.default\">\n\t\t\t\t<div class=\"elementor-widget-container\">\n\t\t\t\t\t\t\t\t\t<p>Les strat\u00e9gies \u00e9ducatives, d\u00e9fendues depuis de nombreuses ann\u00e9es par l\u2019Association CERESA, font aujourd\u2019hui consensus. En effet, les Recommandations de Bonnes Pratiques Professionnelles (RBPP) \u00ab Autisme et autres Troubles Envahissants du D\u00e9veloppement (TED) : interventions \u00e9ducatives et th\u00e9rapeutiques coordonn\u00e9es chez l\u2019enfant et l\u2019adolescent \u00bb publi\u00e9es par la Haute Autorit\u00e9 de Sant\u00e9 (HAS) et l\u2019Agence nationale de l\u2019\u00e9valuation et de la qualit\u00e9 des \u00e9tablissements et services sociaux et m\u00e9dico-sociaux en Mars 2012 mettent l\u2019accent sur la n\u00e9cessit\u00e9 d\u2019une prise en charge pr\u00e9coce, personnalis\u00e9e et globale, en partenariat avec les parents, actions que le CERESA d\u00e9ployait en avant-garde.<\/p>\t\t\t\t\t\t\t\t<\/div>\n\t\t\t\t<\/div>\n\t\t\t\t<\/div>\n\t\t<div class=\"elementor-element elementor-element-7199133a animated-slow e-con-full e-flex elementor-invisible e-con e-child\" data-id=\"7199133a\" data-element_type=\"container\" data-settings=\"{&quot;animation&quot;:&quot;fadeInUp&quot;,&quot;animation_delay&quot;:150}\">\n\t\t\t\t<div class=\"elementor-element elementor-element-10d6308 elementor-cta--layout-image-above elementor-cta--valign-bottom elementor-cta--skin-classic elementor-animated-content elementor-bg-transform elementor-bg-transform-zoom-in elementor-widget elementor-widget-call-to-action\" data-id=\"10d6308\" data-element_type=\"widget\" data-widget_type=\"call-to-action.default\">\n\t\t\t\t<div class=\"elementor-widget-container\">\n\t\t\t\t\t\t\t<div class=\"elementor-cta\">\n\t\t\t\t\t\t\t<div class=\"elementor-cta__content\">\n\t\t\t\t\n\t\t\t\t\t\t\t\t\t<h2 class=\"elementor-cta__title elementor-cta__content-item elementor-content-item\">\n\t\t\t\t\t\tFaire \u00e9voluer les pratiques\t\t\t\t\t<\/h2>\n\t\t\t\t\n\t\t\t\t\n\t\t\t\t\t\t\t<\/div>\n\t\t\t\t\t\t<\/div>\n\t\t\t\t\t\t<\/div>\n\t\t\t\t<\/div>\n\t\t\t\t<div class=\"elementor-element elementor-element-60e8c8a8 elementor-widget__width-initial animated-slow elementor-invisible elementor-widget elementor-widget-spacer\" data-id=\"60e8c8a8\" data-element_type=\"widget\" data-settings=\"{&quot;_animation&quot;:&quot;rotateInDownLeft&quot;}\" data-widget_type=\"spacer.default\">\n\t\t\t\t<div class=\"elementor-widget-container\">\n\t\t\t\t\t\t\t<div class=\"elementor-spacer\">\n\t\t\t<div class=\"elementor-spacer-inner\"><\/div>\n\t\t<\/div>\n\t\t\t\t\t\t<\/div>\n\t\t\t\t<\/div>\n\t\t\t\t<div class=\"elementor-element elementor-element-710fb1b elementor-widget elementor-widget-text-editor\" data-id=\"710fb1b\" data-element_type=\"widget\" data-widget_type=\"text-editor.default\">\n\t\t\t\t<div class=\"elementor-widget-container\">\n\t\t\t\t\t\t\t\t\t<p>Le Pr Bernadette Rog\u00e9 a largement contribu\u00e9 \u00e0 faire progresser la connaissance et la reconnaissance de l\u2019autisme en France. Gr\u00e2ce \u00e0 cet engagement, l\u2019association continue de faire \u00e9voluer les pratiques pour mieux r\u00e9pondre aux besoins des enfants et de leurs familles.<\/p>\t\t\t\t\t\t\t\t<\/div>\n\t\t\t\t<\/div>\n\t\t\t\t<div class=\"elementor-element elementor-element-1a2de10 elementor-align-center elementor-widget elementor-widget-button\" data-id=\"1a2de10\" data-element_type=\"widget\" data-widget_type=\"button.default\">\n\t\t\t\t<div class=\"elementor-widget-container\">\n\t\t\t\t\t\t\t\t\t<div class=\"elementor-button-wrapper\">\n\t\t\t\t\t<a class=\"elementor-button elementor-button-link elementor-size-sm elementor-animation-grow\" href=\"https:\/\/www.mamzelleconfetti.com\/ceresa\/pr-bernadette-roge\/\">\n\t\t\t\t\t\t<span class=\"elementor-button-content-wrapper\">\n\t\t\t\t\t\t\t\t\t<span class=\"elementor-button-text\">EN SAVOIR + SUR LE PR.BERNADETTE ROG\u00c9<\/span>\n\t\t\t\t\t<\/span>\n\t\t\t\t\t<\/a>\n\t\t\t\t<\/div>\n\t\t\t\t\t\t\t\t<\/div>\n\t\t\t\t<\/div>\n\t\t\t\t<\/div>\n\t\t\t\t<\/div>\n\t\t\t\t<\/div>\n\t\t\t\t<\/div>\n\t\t\t\t<\/div>\n\t\t<div class=\"elementor-element elementor-element-3caf877 e-con-full e-flex e-con e-parent\" data-id=\"3caf877\" data-element_type=\"container\">\n\t\t<div class=\"elementor-element elementor-element-4dc5d0d e-con-full e-flex e-con e-child\" data-id=\"4dc5d0d\" data-element_type=\"container\">\n\t\t<div class=\"elementor-element elementor-element-82cd87a e-con-full e-flex e-con e-child\" data-id=\"82cd87a\" data-element_type=\"container\">\n\t\t<div class=\"elementor-element elementor-element-eba88e4 e-con-full e-flex e-con e-child\" data-id=\"eba88e4\" data-element_type=\"container\">\n\t\t<div class=\"elementor-element elementor-element-9dd39fe e-con-full e-flex e-con e-child\" data-id=\"9dd39fe\" data-element_type=\"container\">\n\t\t<div class=\"elementor-element elementor-element-8480ebe e-con-full e-flex e-con e-child\" data-id=\"8480ebe\" data-element_type=\"container\">\n\t\t\t\t<div class=\"elementor-element elementor-element-8a69272 elementor-position-left elementor-vertical-align-middle elementor-widget__width-initial elementor-view-default elementor-mobile-position-top elementor-widget elementor-widget-icon-box\" data-id=\"8a69272\" data-element_type=\"widget\" data-widget_type=\"icon-box.default\">\n\t\t\t\t<div class=\"elementor-widget-container\">\n\t\t\t\t\t\t\t<div class=\"elementor-icon-box-wrapper\">\n\n\t\t\t\t\t\t<div class=\"elementor-icon-box-icon\">\n\t\t\t\t<span  class=\"elementor-icon\">\n\t\t\t\t<svg xmlns=\"http:\/\/www.w3.org\/2000\/svg\" id=\"Calque_1\" data-name=\"Calque 1\" viewBox=\"0 0 296.22 297.04\"><defs><style>      .cls-1 {        fill: #e94190;      }      .cls-2 {        fill: none;      }      .cls-2, .cls-3 {        stroke: #5a5959;        stroke-linecap: round;        stroke-linejoin: round;        stroke-width: 5px;      }      .cls-3 {        fill: #fff;      }    <\/style><\/defs><circle class=\"cls-2\" cx=\"146.13\" cy=\"161.39\" r=\"89.09\"><\/circle><circle class=\"cls-2\" cx=\"146.13\" cy=\"161.39\" r=\"65.76\"><\/circle><polygon class=\"cls-3\" points=\"227.18 65.46 198.01 93.98 198.01 117.85 222.54 117.85 253.05 88.67 225.53 91.66 227.18 65.46\"><\/polygon><circle class=\"cls-2\" cx=\"146.13\" cy=\"161.39\" r=\"42.21\"><\/circle><path class=\"cls-1\" d=\"M146.13,136.15l8.14,12.53c.33.51.84.88,1.43,1.04l14.43,3.87-9.4,11.61c-.38.47-.58,1.07-.55,1.68l.78,14.92-13.95-5.35c-.57-.22-1.2-.22-1.77,0l-13.95,5.35.78-14.92c.03-.61-.16-1.21-.55-1.68l-9.4-11.61,14.43-3.87c.59-.16,1.1-.53,1.43-1.04l8.14-12.53Z\"><\/path><line class=\"cls-3\" x1=\"151.22\" y1=\"157.35\" x2=\"198.01\" y2=\"117.85\"><\/line><\/svg>\t\t\t\t<\/span>\n\t\t\t<\/div>\n\t\t\t\n\t\t\t\t\t\t<div class=\"elementor-icon-box-content\">\n\n\t\t\t\t\t\t\t\t\t<h3 class=\"elementor-icon-box-title\">\n\t\t\t\t\t\t<span  >\n\t\t\t\t\t\t\tnos <\/br> missions\t\t\t\t\t\t<\/span>\n\t\t\t\t\t<\/h3>\n\t\t\t\t\n\t\t\t\t\n\t\t\t<\/div>\n\t\t\t\n\t\t<\/div>\n\t\t\t\t\t\t<\/div>\n\t\t\t\t<\/div>\n\t\t\t\t<div class=\"elementor-element elementor-element-774314f elementor-widget__width-initial elementor-widget-divider--view-line elementor-widget elementor-widget-divider\" data-id=\"774314f\" data-element_type=\"widget\" data-widget_type=\"divider.default\">\n\t\t\t\t<div class=\"elementor-widget-container\">\n\t\t\t\t\t\t\t<div class=\"elementor-divider\">\n\t\t\t<span class=\"elementor-divider-separator\">\n\t\t\t\t\t\t<\/span>\n\t\t<\/div>\n\t\t\t\t\t\t<\/div>\n\t\t\t\t<\/div>\n\t\t\t\t<div class=\"elementor-element elementor-element-c474787 elementor-widget__width-initial elementor-widget elementor-widget-text-editor\" data-id=\"c474787\" data-element_type=\"widget\" data-widget_type=\"text-editor.default\">\n\t\t\t\t<div class=\"elementor-widget-container\">\n\t\t\t\t\t\t\t\t\t<p>Notre association promeut des services innovants pour accompagner les personnes avec TSA\u00a0et leurs familles, en favorisant leur inclusion, en formant les professionnels, en coordonnant les acteurs du secteur et en soutenant la recherche et la diffusion des connaissances.<\/p>\t\t\t\t\t\t\t\t<\/div>\n\t\t\t\t<\/div>\n\t\t\t\t<\/div>\n\t\t\t\t<\/div>\n\t\t\t\t<\/div>\n\t\t\t\t<\/div>\n\t\t<div class=\"elementor-element elementor-element-c471623 e-con-full e-flex e-con e-child\" data-id=\"c471623\" data-element_type=\"container\" data-settings=\"{&quot;background_background&quot;:&quot;classic&quot;}\">\n\t\t\t\t<div class=\"elementor-element elementor-element-812140e elementor-position-left elementor-vertical-align-middle elementor-view-default elementor-mobile-position-top elementor-widget elementor-widget-icon-box\" data-id=\"812140e\" data-element_type=\"widget\" data-widget_type=\"icon-box.default\">\n\t\t\t\t<div class=\"elementor-widget-container\">\n\t\t\t\t\t\t\t<div class=\"elementor-icon-box-wrapper\">\n\n\t\t\t\t\t\t<div class=\"elementor-icon-box-icon\">\n\t\t\t\t<span  class=\"elementor-icon\">\n\t\t\t\t<svg xmlns=\"http:\/\/www.w3.org\/2000\/svg\" id=\"Calque_1\" data-name=\"Calque 1\" viewBox=\"0 0 296.22 297.04\"><defs><style>      .cls-1 {        fill: #e94190;      }      .cls-2 {        fill: none;        stroke: #5a5959;        stroke-linecap: round;        stroke-linejoin: round;        stroke-width: 5px;      }    <\/style><\/defs><polyline class=\"cls-2\" points=\"204.39 208.98 175.64 246.57 120.56 246.05 91.8 207.91\"><\/polyline><rect class=\"cls-2\" x=\"78.97\" y=\"182.88\" width=\"138.27\" height=\"22.87\"><\/rect><line class=\"cls-2\" x1=\"148.09\" y1=\"106.54\" x2=\"148.09\" y2=\"180.72\"><\/line><path class=\"cls-2\" d=\"M150.19,164.83s6.43-33.87,41.43-20.34c0,0,1.51,31.45-41.43,20.34Z\"><\/path><path class=\"cls-2\" d=\"M144.14,149.25s-25.58,1.75-25.58-25.58c0,0,31.4-2.27,25.58,25.58Z\"><\/path><path class=\"cls-1\" d=\"M173.15,56.22c7.26,7.29,7,19.08,2.78,27.89-3.51,7.32-20.94,24.48-29.1,24.26-7.05-.19-24.83-11.95-29.41-17.69-17.34-21.73,2.35-50.31,26.54-31.22,8.13-9.36,19.56-12.91,29.2-3.23Z\"><\/path><\/svg>\t\t\t\t<\/span>\n\t\t\t<\/div>\n\t\t\t\n\t\t\t\t\t\t<div class=\"elementor-icon-box-content\">\n\n\t\t\t\t\t\t\t\t\t<h3 class=\"elementor-icon-box-title\">\n\t\t\t\t\t\t<span  >\n\t\t\t\t\t\t\tNOS VALEURS\t\t\t\t\t\t<\/span>\n\t\t\t\t\t<\/h3>\n\t\t\t\t\n\t\t\t\t\n\t\t\t<\/div>\n\t\t\t\n\t\t<\/div>\n\t\t\t\t\t\t<\/div>\n\t\t\t\t<\/div>\n\t\t\t\t<div class=\"elementor-element elementor-element-0ec5329 elementor-widget-divider--view-line elementor-widget elementor-widget-divider\" data-id=\"0ec5329\" data-element_type=\"widget\" data-widget_type=\"divider.default\">\n\t\t\t\t<div class=\"elementor-widget-container\">\n\t\t\t\t\t\t\t<div class=\"elementor-divider\">\n\t\t\t<span class=\"elementor-divider-separator\">\n\t\t\t\t\t\t<\/span>\n\t\t<\/div>\n\t\t\t\t\t\t<\/div>\n\t\t\t\t<\/div>\n\t\t\t\t<div class=\"elementor-element elementor-element-71ef7eb elementor-widget__width-initial elementor-widget elementor-widget-text-editor\" data-id=\"71ef7eb\" data-element_type=\"widget\" data-widget_type=\"text-editor.default\">\n\t\t\t\t<div class=\"elementor-widget-container\">\n\t\t\t\t\t\t\t\t\t<p>Depuis sa cr\u00e9ation, le CERESA d\u00e9fend :<\/p><ul><li>Le droit \u00e0 un accompagnement \u00e9ducatif individualis\u00e9 pour chaque personne.<\/li><li>La place centrale des familles dans le parcours d\u2019accompagnement.<\/li><li>L\u2019inclusion dans tous les milieux de vie.<\/li><li>La mise en \u0153uvre de pratiques scientifiquement valid\u00e9es<\/li><\/ul>\t\t\t\t\t\t\t\t<\/div>\n\t\t\t\t<\/div>\n\t\t<div class=\"elementor-element elementor-element-f32136f e-con-full e-flex e-con e-child\" data-id=\"f32136f\" data-element_type=\"container\">\n\t\t<div class=\"elementor-element elementor-element-11e945d e-con-full e-flex e-con e-child\" data-id=\"11e945d\" data-element_type=\"container\">\n\t\t<div class=\"elementor-element elementor-element-a1fb068 e-con-full e-flex e-con e-child\" data-id=\"a1fb068\" data-element_type=\"container\">\n\t\t<div class=\"elementor-element elementor-element-59f3dfd e-con-full e-flex e-con e-child\" data-id=\"59f3dfd\" data-element_type=\"container\">\n\t\t<div class=\"elementor-element elementor-element-e758c6c e-grid e-con-full e-con e-child\" data-id=\"e758c6c\" data-element_type=\"container\">\n\t\t<div class=\"elementor-element elementor-element-09cad9a e-con-full e-flex e-con e-child\" data-id=\"09cad9a\" data-element_type=\"container\">\n\t\t\t\t<div class=\"elementor-element elementor-element-622b0f3 elementor-widget__width-initial animated-slow elementor-widget-divider--view-line_text elementor-widget-divider--element-align-left elementor-widget-mobile__width-inherit elementor-invisible elementor-widget elementor-widget-divider\" data-id=\"622b0f3\" data-element_type=\"widget\" data-settings=\"{&quot;_animation&quot;:&quot;fadeIn&quot;,&quot;_animation_delay&quot;:&quot;200&quot;}\" data-widget_type=\"divider.default\">\n\t\t\t\t<div class=\"elementor-widget-container\">\n\t\t\t\t\t\t\t<div class=\"elementor-divider\">\n\t\t\t<span class=\"elementor-divider-separator\">\n\t\t\t\t\t\t\t<span class=\"elementor-divider__text elementor-divider__element\">\n\t\t\t\t01\t\t\t\t<\/span>\n\t\t\t\t\t\t<\/span>\n\t\t<\/div>\n\t\t\t\t\t\t<\/div>\n\t\t\t\t<\/div>\n\t\t\t\t<div class=\"elementor-element elementor-element-43ba06f elementor-widget elementor-widget-n-accordion\" data-id=\"43ba06f\" data-element_type=\"widget\" data-settings=\"{&quot;default_state&quot;:&quot;all_collapsed&quot;,&quot;max_items_expended&quot;:&quot;one&quot;,&quot;n_accordion_animation_duration&quot;:{&quot;unit&quot;:&quot;ms&quot;,&quot;size&quot;:400,&quot;sizes&quot;:[]}}\" data-widget_type=\"nested-accordion.default\">\n\t\t\t\t<div class=\"elementor-widget-container\">\n\t\t\t\t\t\t\t<div class=\"e-n-accordion\" aria-label=\"Accordion. Open links with Enter or Space, close with Escape, and navigate with Arrow Keys\">\n\t\t\t\t\t\t<details id=\"e-n-accordion-item-7100\" class=\"e-n-accordion-item\" >\n\t\t\t\t<summary class=\"e-n-accordion-item-title\" data-accordion-index=\"1\" tabindex=\"0\" aria-expanded=\"false\" aria-controls=\"e-n-accordion-item-7100\" >\n\t\t\t\t\t<span class='e-n-accordion-item-title-header'><div class=\"e-n-accordion-item-title-text\"> Respect <\/div><\/span>\n\t\t\t\t\t\t\t<span class='e-n-accordion-item-title-icon'>\n\t\t\t<span class='e-opened' ><svg aria-hidden=\"true\" class=\"e-font-icon-svg e-fas-minus\" viewBox=\"0 0 448 512\" xmlns=\"http:\/\/www.w3.org\/2000\/svg\"><path d=\"M416 208H32c-17.67 0-32 14.33-32 32v32c0 17.67 14.33 32 32 32h384c17.67 0 32-14.33 32-32v-32c0-17.67-14.33-32-32-32z\"><\/path><\/svg><\/span>\n\t\t\t<span class='e-closed'><svg aria-hidden=\"true\" class=\"e-font-icon-svg e-fas-plus\" viewBox=\"0 0 448 512\" xmlns=\"http:\/\/www.w3.org\/2000\/svg\"><path d=\"M416 208H272V64c0-17.67-14.33-32-32-32h-32c-17.67 0-32 14.33-32 32v144H32c-17.67 0-32 14.33-32 32v32c0 17.67 14.33 32 32 32h144v144c0 17.67 14.33 32 32 32h32c17.67 0 32-14.33 32-32V304h144c17.67 0 32-14.33 32-32v-32c0-17.67-14.33-32-32-32z\"><\/path><\/svg><\/span>\n\t\t<\/span>\n\n\t\t\t\t\t\t<\/summary>\n\t\t\t\t<div role=\"region\" aria-labelledby=\"e-n-accordion-item-7100\" class=\"elementor-element elementor-element-94c47f6 e-con-full e-flex e-con e-child\" data-id=\"94c47f6\" data-element_type=\"container\">\n\t\t\t\t<div class=\"elementor-element elementor-element-e1e4306 elementor-widget elementor-widget-text-editor\" data-id=\"e1e4306\" data-element_type=\"widget\" data-widget_type=\"text-editor.default\">\n\t\t\t\t<div class=\"elementor-widget-container\">\n\t\t\t\t\t\t\t\t\t<p>Reconna\u00eetre chaque personne dans ses diff\u00e9rences et sa singularit\u00e9, en lui assurant un accompagnement qui valorise ses capacit\u00e9s et ses int\u00e9r\u00eats, tout au long de son parcours, en lien \u00e9troit avec sa famille.<\/p><p><strong>Ce que cela signifie concr\u00e8tement :\u00a0\u00a0<\/strong><\/p><ul><li>Consid\u00e9rer chaque personne avec dignit\u00e9, ind\u00e9pendamment de son handicap.<\/li><li>Construire des projets \u00e9ducatifs et d\u2019accompagnement personnalis\u00e9s.<\/li><li>Associer syst\u00e9matiquement la famille dans les choix et \u00e9tapes du parcours.<\/li><li>Adapter nos pratiques pour respecter le rythme, les forces et les besoins individuels.<\/li><\/ul>\t\t\t\t\t\t\t\t<\/div>\n\t\t\t\t<\/div>\n\t\t\t\t<\/div>\n\t\t\t\t\t<\/details>\n\t\t\t\t\t<\/div>\n\t\t\t\t\t\t<\/div>\n\t\t\t\t<\/div>\n\t\t\t\t<\/div>\n\t\t<div class=\"elementor-element elementor-element-bc48b38 e-con-full e-flex e-con e-child\" data-id=\"bc48b38\" data-element_type=\"container\">\n\t\t\t\t<div class=\"elementor-element elementor-element-52235c4 elementor-widget__width-initial animated-slow elementor-widget-divider--view-line_text elementor-widget-divider--element-align-left elementor-widget-mobile__width-inherit elementor-invisible elementor-widget elementor-widget-divider\" data-id=\"52235c4\" data-element_type=\"widget\" data-settings=\"{&quot;_animation&quot;:&quot;fadeIn&quot;,&quot;_animation_delay&quot;:&quot;200&quot;}\" data-widget_type=\"divider.default\">\n\t\t\t\t<div class=\"elementor-widget-container\">\n\t\t\t\t\t\t\t<div class=\"elementor-divider\">\n\t\t\t<span class=\"elementor-divider-separator\">\n\t\t\t\t\t\t\t<span class=\"elementor-divider__text elementor-divider__element\">\n\t\t\t\t02\t\t\t\t<\/span>\n\t\t\t\t\t\t<\/span>\n\t\t<\/div>\n\t\t\t\t\t\t<\/div>\n\t\t\t\t<\/div>\n\t\t\t\t<div class=\"elementor-element elementor-element-df6e20d elementor-widget elementor-widget-n-accordion\" data-id=\"df6e20d\" data-element_type=\"widget\" data-settings=\"{&quot;default_state&quot;:&quot;all_collapsed&quot;,&quot;max_items_expended&quot;:&quot;one&quot;,&quot;n_accordion_animation_duration&quot;:{&quot;unit&quot;:&quot;ms&quot;,&quot;size&quot;:400,&quot;sizes&quot;:[]}}\" data-widget_type=\"nested-accordion.default\">\n\t\t\t\t<div class=\"elementor-widget-container\">\n\t\t\t\t\t\t\t<div class=\"e-n-accordion\" aria-label=\"Accordion. Open links with Enter or Space, close with Escape, and navigate with Arrow Keys\">\n\t\t\t\t\t\t<details id=\"e-n-accordion-item-2340\" class=\"e-n-accordion-item\" >\n\t\t\t\t<summary class=\"e-n-accordion-item-title\" data-accordion-index=\"1\" tabindex=\"0\" aria-expanded=\"false\" aria-controls=\"e-n-accordion-item-2340\" >\n\t\t\t\t\t<span class='e-n-accordion-item-title-header'><div class=\"e-n-accordion-item-title-text\"> Inclusion <\/div><\/span>\n\t\t\t\t\t\t\t<span class='e-n-accordion-item-title-icon'>\n\t\t\t<span class='e-opened' ><svg aria-hidden=\"true\" class=\"e-font-icon-svg e-fas-minus\" viewBox=\"0 0 448 512\" xmlns=\"http:\/\/www.w3.org\/2000\/svg\"><path d=\"M416 208H32c-17.67 0-32 14.33-32 32v32c0 17.67 14.33 32 32 32h384c17.67 0 32-14.33 32-32v-32c0-17.67-14.33-32-32-32z\"><\/path><\/svg><\/span>\n\t\t\t<span class='e-closed'><svg aria-hidden=\"true\" class=\"e-font-icon-svg e-fas-plus\" viewBox=\"0 0 448 512\" xmlns=\"http:\/\/www.w3.org\/2000\/svg\"><path d=\"M416 208H272V64c0-17.67-14.33-32-32-32h-32c-17.67 0-32 14.33-32 32v144H32c-17.67 0-32 14.33-32 32v32c0 17.67 14.33 32 32 32h144v144c0 17.67 14.33 32 32 32h32c17.67 0 32-14.33 32-32V304h144c17.67 0 32-14.33 32-32v-32c0-17.67-14.33-32-32-32z\"><\/path><\/svg><\/span>\n\t\t<\/span>\n\n\t\t\t\t\t\t<\/summary>\n\t\t\t\t<div role=\"region\" aria-labelledby=\"e-n-accordion-item-2340\" class=\"elementor-element elementor-element-37db837 e-con-full e-flex e-con e-child\" data-id=\"37db837\" data-element_type=\"container\">\n\t\t\t\t<div class=\"elementor-element elementor-element-7138753 elementor-widget elementor-widget-text-editor\" data-id=\"7138753\" data-element_type=\"widget\" data-widget_type=\"text-editor.default\">\n\t\t\t\t<div class=\"elementor-widget-container\">\n\t\t\t\t\t\t\t\t\t<p>Permettre \u00e0 chaque personne avec autisme de trouver sa place dans l\u2019ensemble des milieux de vie (scolaire, social, professionnel, culturel, citoyen), en b\u00e9n\u00e9ficiant des am\u00e9nagements et des soutiens n\u00e9cessaires pour participer pleinement \u00e0 la soci\u00e9t\u00e9.<\/p><p><strong>Ce que cela signifie concr\u00e8tement :<\/strong><\/p><ul><li>Favoriser la scolarisation en milieu ordinaire avec les adaptations n\u00e9cessaires.<\/li><li>Encourager l\u2019acc\u00e8s aux loisirs, au sport, \u00e0 la culture et \u00e0 la vie citoyenne.<\/li><li>D\u00e9velopper des partenariats avec les \u00e9tablissements scolaires, entreprises et associations.<\/li><li>Sensibiliser et accompagner les environnements accueillant les personnes avec autisme.<\/li><li>Soutenir le passage entre les diff\u00e9rentes \u00e9tapes de vie (petite enfance, adolescence, \u00e2ge adulte, emploi<\/li><\/ul>\t\t\t\t\t\t\t\t<\/div>\n\t\t\t\t<\/div>\n\t\t\t\t<\/div>\n\t\t\t\t\t<\/details>\n\t\t\t\t\t<\/div>\n\t\t\t\t\t\t<\/div>\n\t\t\t\t<\/div>\n\t\t\t\t<\/div>\n\t\t<div class=\"elementor-element elementor-element-51326be e-con-full e-flex e-con e-child\" data-id=\"51326be\" data-element_type=\"container\">\n\t\t\t\t<div class=\"elementor-element elementor-element-b67a15d elementor-widget__width-initial animated-slow elementor-widget-divider--view-line_text elementor-widget-divider--element-align-left elementor-widget-mobile__width-inherit elementor-invisible elementor-widget elementor-widget-divider\" data-id=\"b67a15d\" data-element_type=\"widget\" data-settings=\"{&quot;_animation&quot;:&quot;fadeIn&quot;,&quot;_animation_delay&quot;:&quot;200&quot;}\" data-widget_type=\"divider.default\">\n\t\t\t\t<div class=\"elementor-widget-container\">\n\t\t\t\t\t\t\t<div class=\"elementor-divider\">\n\t\t\t<span class=\"elementor-divider-separator\">\n\t\t\t\t\t\t\t<span class=\"elementor-divider__text elementor-divider__element\">\n\t\t\t\t03\t\t\t\t<\/span>\n\t\t\t\t\t\t<\/span>\n\t\t<\/div>\n\t\t\t\t\t\t<\/div>\n\t\t\t\t<\/div>\n\t\t\t\t<div class=\"elementor-element elementor-element-027bbd8 elementor-widget elementor-widget-n-accordion\" data-id=\"027bbd8\" data-element_type=\"widget\" data-settings=\"{&quot;default_state&quot;:&quot;all_collapsed&quot;,&quot;max_items_expended&quot;:&quot;one&quot;,&quot;n_accordion_animation_duration&quot;:{&quot;unit&quot;:&quot;ms&quot;,&quot;size&quot;:400,&quot;sizes&quot;:[]}}\" data-widget_type=\"nested-accordion.default\">\n\t\t\t\t<div class=\"elementor-widget-container\">\n\t\t\t\t\t\t\t<div class=\"e-n-accordion\" aria-label=\"Accordion. Open links with Enter or Space, close with Escape, and navigate with Arrow Keys\">\n\t\t\t\t\t\t<details id=\"e-n-accordion-item-2600\" class=\"e-n-accordion-item\" >\n\t\t\t\t<summary class=\"e-n-accordion-item-title\" data-accordion-index=\"1\" tabindex=\"0\" aria-expanded=\"false\" aria-controls=\"e-n-accordion-item-2600\" >\n\t\t\t\t\t<span class='e-n-accordion-item-title-header'><div class=\"e-n-accordion-item-title-text\"> Expertise <\/div><\/span>\n\t\t\t\t\t\t\t<span class='e-n-accordion-item-title-icon'>\n\t\t\t<span class='e-opened' ><svg aria-hidden=\"true\" class=\"e-font-icon-svg e-fas-minus\" viewBox=\"0 0 448 512\" xmlns=\"http:\/\/www.w3.org\/2000\/svg\"><path d=\"M416 208H32c-17.67 0-32 14.33-32 32v32c0 17.67 14.33 32 32 32h384c17.67 0 32-14.33 32-32v-32c0-17.67-14.33-32-32-32z\"><\/path><\/svg><\/span>\n\t\t\t<span class='e-closed'><svg aria-hidden=\"true\" class=\"e-font-icon-svg e-fas-plus\" viewBox=\"0 0 448 512\" xmlns=\"http:\/\/www.w3.org\/2000\/svg\"><path d=\"M416 208H272V64c0-17.67-14.33-32-32-32h-32c-17.67 0-32 14.33-32 32v144H32c-17.67 0-32 14.33-32 32v32c0 17.67 14.33 32 32 32h144v144c0 17.67 14.33 32 32 32h32c17.67 0 32-14.33 32-32V304h144c17.67 0 32-14.33 32-32v-32c0-17.67-14.33-32-32-32z\"><\/path><\/svg><\/span>\n\t\t<\/span>\n\n\t\t\t\t\t\t<\/summary>\n\t\t\t\t<div role=\"region\" aria-labelledby=\"e-n-accordion-item-2600\" class=\"elementor-element elementor-element-695b41b e-con-full e-flex e-con e-child\" data-id=\"695b41b\" data-element_type=\"container\">\n\t\t\t\t<div class=\"elementor-element elementor-element-88620dc elementor-widget elementor-widget-text-editor\" data-id=\"88620dc\" data-element_type=\"widget\" data-widget_type=\"text-editor.default\">\n\t\t\t\t<div class=\"elementor-widget-container\">\n\t\t\t\t\t\t\t\t\t<p>Mobiliser la mise en \u0153uvre d\u2019accompagnement \u00e0 la pointe en s\u2019appuyant sur un haut niveau de comp\u00e9tences et sur \u00e9thique professionnelle exigeante.<\/p><p><strong>Ce que cela signifie concr\u00e8tement :<\/strong><\/p><ul><li>Ancrer nos pratiques dans les recommandations valid\u00e9es scientifiquement.<\/li><li>D\u00e9velopper une \u00e9valuation fine et syst\u00e9matique des besoins.<\/li><li>Maintenir un haut niveau de comp\u00e9tence des \u00e9quipes par la formation continue et la supervision.<\/li><li>\u00catre un centre de r\u00e9f\u00e9rence reconnu dans le domaine de l\u2019autisme<\/li><\/ul>\t\t\t\t\t\t\t\t<\/div>\n\t\t\t\t<\/div>\n\t\t\t\t<\/div>\n\t\t\t\t\t<\/details>\n\t\t\t\t\t<\/div>\n\t\t\t\t\t\t<\/div>\n\t\t\t\t<\/div>\n\t\t\t\t<\/div>\n\t\t<div class=\"elementor-element elementor-element-9b96303 e-con-full e-flex e-con e-child\" data-id=\"9b96303\" data-element_type=\"container\">\n\t\t\t\t<div class=\"elementor-element elementor-element-e5c0105 elementor-widget__width-initial animated-slow elementor-widget-divider--view-line_text elementor-widget-divider--element-align-left elementor-widget-mobile__width-inherit elementor-invisible elementor-widget elementor-widget-divider\" data-id=\"e5c0105\" data-element_type=\"widget\" data-settings=\"{&quot;_animation&quot;:&quot;fadeIn&quot;,&quot;_animation_delay&quot;:&quot;200&quot;}\" data-widget_type=\"divider.default\">\n\t\t\t\t<div class=\"elementor-widget-container\">\n\t\t\t\t\t\t\t<div class=\"elementor-divider\">\n\t\t\t<span class=\"elementor-divider-separator\">\n\t\t\t\t\t\t\t<span class=\"elementor-divider__text elementor-divider__element\">\n\t\t\t\t04\t\t\t\t<\/span>\n\t\t\t\t\t\t<\/span>\n\t\t<\/div>\n\t\t\t\t\t\t<\/div>\n\t\t\t\t<\/div>\n\t\t\t\t<div class=\"elementor-element elementor-element-668edfe elementor-widget elementor-widget-n-accordion\" data-id=\"668edfe\" data-element_type=\"widget\" data-settings=\"{&quot;default_state&quot;:&quot;all_collapsed&quot;,&quot;max_items_expended&quot;:&quot;one&quot;,&quot;n_accordion_animation_duration&quot;:{&quot;unit&quot;:&quot;ms&quot;,&quot;size&quot;:400,&quot;sizes&quot;:[]}}\" data-widget_type=\"nested-accordion.default\">\n\t\t\t\t<div class=\"elementor-widget-container\">\n\t\t\t\t\t\t\t<div class=\"e-n-accordion\" aria-label=\"Accordion. Open links with Enter or Space, close with Escape, and navigate with Arrow Keys\">\n\t\t\t\t\t\t<details id=\"e-n-accordion-item-1070\" class=\"e-n-accordion-item\" >\n\t\t\t\t<summary class=\"e-n-accordion-item-title\" data-accordion-index=\"1\" tabindex=\"0\" aria-expanded=\"false\" aria-controls=\"e-n-accordion-item-1070\" >\n\t\t\t\t\t<span class='e-n-accordion-item-title-header'><div class=\"e-n-accordion-item-title-text\"> Innovation <\/div><\/span>\n\t\t\t\t\t\t\t<span class='e-n-accordion-item-title-icon'>\n\t\t\t<span class='e-opened' ><svg aria-hidden=\"true\" class=\"e-font-icon-svg e-fas-minus\" viewBox=\"0 0 448 512\" xmlns=\"http:\/\/www.w3.org\/2000\/svg\"><path d=\"M416 208H32c-17.67 0-32 14.33-32 32v32c0 17.67 14.33 32 32 32h384c17.67 0 32-14.33 32-32v-32c0-17.67-14.33-32-32-32z\"><\/path><\/svg><\/span>\n\t\t\t<span class='e-closed'><svg aria-hidden=\"true\" class=\"e-font-icon-svg e-fas-plus\" viewBox=\"0 0 448 512\" xmlns=\"http:\/\/www.w3.org\/2000\/svg\"><path d=\"M416 208H272V64c0-17.67-14.33-32-32-32h-32c-17.67 0-32 14.33-32 32v144H32c-17.67 0-32 14.33-32 32v32c0 17.67 14.33 32 32 32h144v144c0 17.67 14.33 32 32 32h32c17.67 0 32-14.33 32-32V304h144c17.67 0 32-14.33 32-32v-32c0-17.67-14.33-32-32-32z\"><\/path><\/svg><\/span>\n\t\t<\/span>\n\n\t\t\t\t\t\t<\/summary>\n\t\t\t\t<div role=\"region\" aria-labelledby=\"e-n-accordion-item-1070\" class=\"elementor-element elementor-element-1db83d4 e-con-full e-flex e-con e-child\" data-id=\"1db83d4\" data-element_type=\"container\">\n\t\t\t\t<div class=\"elementor-element elementor-element-4efa726 elementor-widget elementor-widget-text-editor\" data-id=\"4efa726\" data-element_type=\"widget\" data-widget_type=\"text-editor.default\">\n\t\t\t\t<div class=\"elementor-widget-container\">\n\t\t\t\t\t\t\t\t\t<p>Explorer et d\u00e9velopper de nouvelles approches, en lien avec la recherche et les \u00e9volutions soci\u00e9tales, pour r\u00e9pondre toujours mieux aux besoins des personnes avec autisme et de leurs familles.<\/p><p><strong>Ce que cela signifie concr\u00e8tement :<\/strong><\/p><ul><li>Collaborer avec les laboratoires de recherche pour tester et adapter des pratiques \u00e9mergentes.<\/li><li>Cr\u00e9er de nouveaux services et modalit\u00e9s d\u2019accompagnement adapt\u00e9s aux contextes actuels.<\/li><li>Exp\u00e9rimenter et \u00e9valuer des projets pilotes avant leur diffusion.<\/li><li>Diffuser les exp\u00e9riences et connaissances acquises aupr\u00e8s de la communaut\u00e9.<\/li><\/ul>\t\t\t\t\t\t\t\t<\/div>\n\t\t\t\t<\/div>\n\t\t\t\t<\/div>\n\t\t\t\t\t<\/details>\n\t\t\t\t\t<\/div>\n\t\t\t\t\t\t<\/div>\n\t\t\t\t<\/div>\n\t\t\t\t<\/div>\n\t\t\t\t<\/div>\n\t\t\t\t<\/div>\n\t\t\t\t<\/div>\n\t\t\t\t<div class=\"elementor-element elementor-element-c597fa4 elementor-widget elementor-widget-spacer\" data-id=\"c597fa4\" data-element_type=\"widget\" data-widget_type=\"spacer.default\">\n\t\t\t\t<div class=\"elementor-widget-container\">\n\t\t\t\t\t\t\t<div class=\"elementor-spacer\">\n\t\t\t<div class=\"elementor-spacer-inner\"><\/div>\n\t\t<\/div>\n\t\t\t\t\t\t<\/div>\n\t\t\t\t<\/div>\n\t\t\t\t<\/div>\n\t\t\t\t<\/div>\n\t\t\t\t<\/div>\n\t\t\t\t<\/div>\n\t\t\t\t<\/div>\n\t\t<div class=\"elementor-element elementor-element-19a75d2 e-con-full e-flex e-con e-parent\" data-id=\"19a75d2\" data-element_type=\"container\">\n\t\t<div class=\"elementor-element elementor-element-e0179ec e-con-full e-flex e-con e-child\" data-id=\"e0179ec\" data-element_type=\"container\">\n\t\t<div class=\"elementor-element elementor-element-8ce1aae e-con-full e-flex e-con e-child\" data-id=\"8ce1aae\" data-element_type=\"container\">\n\t\t<div class=\"elementor-element elementor-element-b3b4547 e-con-full e-flex e-con e-child\" data-id=\"b3b4547\" data-element_type=\"container\">\n\t\t<div class=\"elementor-element elementor-element-f6abb7c e-con-full e-flex e-con e-child\" data-id=\"f6abb7c\" data-element_type=\"container\">\n\t\t\t\t<div class=\"elementor-element elementor-element-13989d4 elementor-position-left elementor-vertical-align-middle elementor-view-default elementor-mobile-position-top elementor-widget elementor-widget-icon-box\" data-id=\"13989d4\" data-element_type=\"widget\" data-widget_type=\"icon-box.default\">\n\t\t\t\t<div class=\"elementor-widget-container\">\n\t\t\t\t\t\t\t<div class=\"elementor-icon-box-wrapper\">\n\n\t\t\t\t\t\t<div class=\"elementor-icon-box-icon\">\n\t\t\t\t<span  class=\"elementor-icon\">\n\t\t\t\t<svg xmlns=\"http:\/\/www.w3.org\/2000\/svg\" id=\"Calque_1\" data-name=\"Calque 1\" viewBox=\"0 0 296.22 297.04\"><defs><style>      .cls-1 {        fill: #e94190;      }      .cls-2 {        fill: none;        stroke: #5a5959;        stroke-linecap: round;        stroke-linejoin: round;        stroke-width: 5px;      }    <\/style><\/defs><polyline class=\"cls-2\" points=\"223.61 97.83 223.61 233.14 72.61 233.14 72.61 97.83\"><\/polyline><polyline class=\"cls-2\" points=\"244.82 104.62 148.11 63.9 51.4 104.62\"><\/polyline><path class=\"cls-1\" d=\"M148.11,114.68l14.44,22.23c.65,1,1.65,1.73,2.8,2.03l25.6,6.87-16.68,20.6c-.75.93-1.13,2.1-1.07,3.29l1.38,26.47-24.75-9.5c-1.11-.43-2.35-.43-3.46,0l-24.75,9.5,1.38-26.47c.06-1.19-.32-2.36-1.07-3.29l-16.68-20.6,25.6-6.87c1.15-.31,2.15-1.03,2.8-2.03l14.44-22.23Z\"><\/path><\/svg>\t\t\t\t<\/span>\n\t\t\t<\/div>\n\t\t\t\n\t\t\t\t\t\t<div class=\"elementor-icon-box-content\">\n\n\t\t\t\t\t\t\t\t\t<h3 class=\"elementor-icon-box-title\">\n\t\t\t\t\t\t<span  >\n\t\t\t\t\t\t\tLE D\u00c9VELOPPEMENT DE NOTRE ASSOCIATION\t\t\t\t\t\t<\/span>\n\t\t\t\t\t<\/h3>\n\t\t\t\t\n\t\t\t\t\n\t\t\t<\/div>\n\t\t\t\n\t\t<\/div>\n\t\t\t\t\t\t<\/div>\n\t\t\t\t<\/div>\n\t\t\t\t<div class=\"elementor-element elementor-element-7453ac4 elementor-widget__width-initial elementor-widget-divider--view-line elementor-widget elementor-widget-divider\" data-id=\"7453ac4\" data-element_type=\"widget\" data-widget_type=\"divider.default\">\n\t\t\t\t<div class=\"elementor-widget-container\">\n\t\t\t\t\t\t\t<div class=\"elementor-divider\">\n\t\t\t<span class=\"elementor-divider-separator\">\n\t\t\t\t\t\t<\/span>\n\t\t<\/div>\n\t\t\t\t\t\t<\/div>\n\t\t\t\t<\/div>\n\t\t\t\t<\/div>\n\t\t\t\t<\/div>\n\t\t\t\t<div class=\"elementor-element elementor-element-fdcbeac elementor-widget elementor-widget-image\" data-id=\"fdcbeac\" data-element_type=\"widget\" data-widget_type=\"image.default\">\n\t\t\t\t<div class=\"elementor-widget-container\">\n\t\t\t\t\t\t\t\t\t\t\t\t\t\t\t<img fetchpriority=\"high\" decoding=\"async\" width=\"1800\" height=\"600\" src=\"https:\/\/www.mamzelleconfetti.com\/ceresa\/wp-content\/uploads\/2025\/07\/Minimalistic-Elegant-White-Wedding-Timeline.jpg\" class=\"attachment-full size-full wp-image-2040\" alt=\"\" srcset=\"https:\/\/www.mamzelleconfetti.com\/ceresa\/wp-content\/uploads\/2025\/07\/Minimalistic-Elegant-White-Wedding-Timeline.jpg 1800w, https:\/\/www.mamzelleconfetti.com\/ceresa\/wp-content\/uploads\/2025\/07\/Minimalistic-Elegant-White-Wedding-Timeline-300x100.jpg 300w, https:\/\/www.mamzelleconfetti.com\/ceresa\/wp-content\/uploads\/2025\/07\/Minimalistic-Elegant-White-Wedding-Timeline-1024x341.jpg 1024w, https:\/\/www.mamzelleconfetti.com\/ceresa\/wp-content\/uploads\/2025\/07\/Minimalistic-Elegant-White-Wedding-Timeline-768x256.jpg 768w, https:\/\/www.mamzelleconfetti.com\/ceresa\/wp-content\/uploads\/2025\/07\/Minimalistic-Elegant-White-Wedding-Timeline-1536x512.jpg 1536w\" sizes=\"(max-width: 1800px) 100vw, 1800px\" \/>\t\t\t\t\t\t\t\t\t\t\t\t\t\t\t<\/div>\n\t\t\t\t<\/div>\n\t\t\t\t<\/div>\n\t\t\t\t<\/div>\n\t\t\t\t<\/div>\n\t\t<div class=\"elementor-element elementor-element-c7a0fdc e-con-full e-flex e-con e-parent\" data-id=\"c7a0fdc\" data-element_type=\"container\">\n\t\t\t\t<div class=\"elementor-element elementor-element-3644242 elementor-align-center elementor-widget elementor-widget-button\" data-id=\"3644242\" data-element_type=\"widget\" data-widget_type=\"button.default\">\n\t\t\t\t<div class=\"elementor-widget-container\">\n\t\t\t\t\t\t\t\t\t<div class=\"elementor-button-wrapper\">\n\t\t\t\t\t<a class=\"elementor-button elementor-button-link elementor-size-sm elementor-animation-grow\" href=\"https:\/\/www.mamzelleconfetti.com\/ceresa\/sessad\/\">\n\t\t\t\t\t\t<span class=\"elementor-button-content-wrapper\">\n\t\t\t\t\t\t<span class=\"elementor-button-icon\">\n\t\t\t\t<svg aria-hidden=\"true\" class=\"e-font-icon-svg e-fas-home\" viewBox=\"0 0 576 512\" xmlns=\"http:\/\/www.w3.org\/2000\/svg\"><path d=\"M280.37 148.26L96 300.11V464a16 16 0 0 0 16 16l112.06-.29a16 16 0 0 0 15.92-16V368a16 16 0 0 1 16-16h64a16 16 0 0 1 16 16v95.64a16 16 0 0 0 16 16.05L464 480a16 16 0 0 0 16-16V300L295.67 148.26a12.19 12.19 0 0 0-15.3 0zM571.6 251.47L488 182.56V44.05a12 12 0 0 0-12-12h-56a12 12 0 0 0-12 12v72.61L318.47 43a48 48 0 0 0-61 0L4.34 251.47a12 12 0 0 0-1.6 16.9l25.5 31A12 12 0 0 0 45.15 301l235.22-193.74a12.19 12.19 0 0 1 15.3 0L530.9 301a12 12 0 0 0 16.9-1.6l25.5-31a12 12 0 0 0-1.7-16.93z\"><\/path><\/svg>\t\t\t<\/span>\n\t\t\t\t\t\t\t\t\t<span class=\"elementor-button-text\">D\u00e9couvrez nos \u00c9tablissements<\/span>\n\t\t\t\t\t<\/span>\n\t\t\t\t\t<\/a>\n\t\t\t\t<\/div>\n\t\t\t\t\t\t\t\t<\/div>\n\t\t\t\t<\/div>\n\t\t\t\t<\/div>\n\t\t\t\t<\/div>\n\t\t","protected":false},"excerpt":{"rendered":"<p>Le\u00a0CERESA\u00a0(Centre R\u00e9gional d\u2019\u00c9ducation et de Services pour l\u2019Autisme) est une association loi 1901 cr\u00e9\u00e9e en juillet 2005 par un groupe de parents r\u00e9unis autour de\u00a0Madame le Pr Bernadette ROG\u00c9. NOTRE HISTOIRE Une rencontre fondatrice Le CERESA est n\u00e9 d\u2019une rencontre d\u00e9terminante entre des parents d\u2019enfants autistes et le Professeur Bernadette Rog\u00e9, sp\u00e9cialiste reconnue de l\u2019autisme [&hellip;]<\/p>\n","protected":false},"author":1,"featured_media":0,"parent":0,"menu_order":0,"comment_status":"closed","ping_status":"closed","template":"elementor_header_footer","meta":{"footnotes":""},"class_list":["post-1330","page","type-page","status-publish","hentry"],"yoast_head":"<!-- This site is optimized with the Yoast SEO plugin v25.4 - https:\/\/yoast.com\/wordpress\/plugins\/seo\/ -->\n<title>Pr\u00e9sentation - Association CERESA<\/title>\n<meta name=\"robots\" content=\"index, follow, max-snippet:-1, max-image-preview:large, max-video-preview:-1\" \/>\n<link rel=\"canonical\" href=\"https:\/\/www.mamzelleconfetti.com\/ceresa\/presentation\/\" \/>\n<meta property=\"og:locale\" content=\"fr_FR\" \/>\n<meta property=\"og:type\" content=\"article\" \/>\n<meta property=\"og:title\" content=\"Pr\u00e9sentation - Association CERESA\" \/>\n<meta property=\"og:description\" content=\"Le\u00a0CERESA\u00a0(Centre R\u00e9gional d\u2019\u00c9ducation et de Services pour l\u2019Autisme) est une association loi 1901 cr\u00e9\u00e9e en juillet 2005 par un groupe de parents r\u00e9unis autour de\u00a0Madame le Pr Bernadette ROG\u00c9. NOTRE HISTOIRE Une rencontre fondatrice Le CERESA est n\u00e9 d\u2019une rencontre d\u00e9terminante entre des parents d\u2019enfants autistes et le Professeur Bernadette Rog\u00e9, sp\u00e9cialiste reconnue de l\u2019autisme [&hellip;]\" \/>\n<meta property=\"og:url\" content=\"https:\/\/www.mamzelleconfetti.com\/ceresa\/presentation\/\" \/>\n<meta property=\"og:site_name\" content=\"Association CERESA\" \/>\n<meta property=\"article:modified_time\" content=\"2025-09-17T07:14:17+00:00\" \/>\n<meta property=\"og:image\" content=\"https:\/\/www.mamzelleconfetti.com\/ceresa\/wp-content\/uploads\/2025\/07\/Minimalistic-Elegant-White-Wedding-Timeline.jpg\" \/>\n\t<meta property=\"og:image:width\" content=\"1800\" \/>\n\t<meta property=\"og:image:height\" content=\"600\" \/>\n\t<meta property=\"og:image:type\" content=\"image\/jpeg\" \/>\n<meta name=\"twitter:card\" content=\"summary_large_image\" \/>\n<meta name=\"twitter:label1\" content=\"Dur\u00e9e de lecture estim\u00e9e\" \/>\n\t<meta name=\"twitter:data1\" content=\"6 minutes\" \/>\n<script type=\"application\/ld+json\" class=\"yoast-schema-graph\">{\"@context\":\"https:\/\/schema.org\",\"@graph\":[{\"@type\":\"WebPage\",\"@id\":\"https:\/\/www.mamzelleconfetti.com\/ceresa\/presentation\/\",\"url\":\"https:\/\/www.mamzelleconfetti.com\/ceresa\/presentation\/\",\"name\":\"Pr\u00e9sentation - Association CERESA\",\"isPartOf\":{\"@id\":\"https:\/\/www.mamzelleconfetti.com\/ceresa\/#website\"},\"primaryImageOfPage\":{\"@id\":\"https:\/\/www.mamzelleconfetti.com\/ceresa\/presentation\/#primaryimage\"},\"image\":{\"@id\":\"https:\/\/www.mamzelleconfetti.com\/ceresa\/presentation\/#primaryimage\"},\"thumbnailUrl\":\"https:\/\/www.mamzelleconfetti.com\/ceresa\/wp-content\/uploads\/2025\/07\/Minimalistic-Elegant-White-Wedding-Timeline.jpg\",\"datePublished\":\"2025-06-27T10:22:30+00:00\",\"dateModified\":\"2025-09-17T07:14:17+00:00\",\"breadcrumb\":{\"@id\":\"https:\/\/www.mamzelleconfetti.com\/ceresa\/presentation\/#breadcrumb\"},\"inLanguage\":\"fr-FR\",\"potentialAction\":[{\"@type\":\"ReadAction\",\"target\":[\"https:\/\/www.mamzelleconfetti.com\/ceresa\/presentation\/\"]}]},{\"@type\":\"ImageObject\",\"inLanguage\":\"fr-FR\",\"@id\":\"https:\/\/www.mamzelleconfetti.com\/ceresa\/presentation\/#primaryimage\",\"url\":\"https:\/\/www.mamzelleconfetti.com\/ceresa\/wp-content\/uploads\/2025\/07\/Minimalistic-Elegant-White-Wedding-Timeline.jpg\",\"contentUrl\":\"https:\/\/www.mamzelleconfetti.com\/ceresa\/wp-content\/uploads\/2025\/07\/Minimalistic-Elegant-White-Wedding-Timeline.jpg\",\"width\":1800,\"height\":600},{\"@type\":\"BreadcrumbList\",\"@id\":\"https:\/\/www.mamzelleconfetti.com\/ceresa\/presentation\/#breadcrumb\",\"itemListElement\":[{\"@type\":\"ListItem\",\"position\":1,\"name\":\"Accueil\",\"item\":\"https:\/\/www.mamzelleconfetti.com\/ceresa\/\"},{\"@type\":\"ListItem\",\"position\":2,\"name\":\"Pr\u00e9sentation\"}]},{\"@type\":\"WebSite\",\"@id\":\"https:\/\/www.mamzelleconfetti.com\/ceresa\/#website\",\"url\":\"https:\/\/www.mamzelleconfetti.com\/ceresa\/\",\"name\":\"Association CERESA\",\"description\":\"\",\"alternateName\":\"CERESA\",\"potentialAction\":[{\"@type\":\"SearchAction\",\"target\":{\"@type\":\"EntryPoint\",\"urlTemplate\":\"https:\/\/www.mamzelleconfetti.com\/ceresa\/?s={search_term_string}\"},\"query-input\":{\"@type\":\"PropertyValueSpecification\",\"valueRequired\":true,\"valueName\":\"search_term_string\"}}],\"inLanguage\":\"fr-FR\"}]}<\/script>\n<!-- \/ Yoast SEO plugin. -->","yoast_head_json":{"title":"Pr\u00e9sentation - Association CERESA","robots":{"index":"index","follow":"follow","max-snippet":"max-snippet:-1","max-image-preview":"max-image-preview:large","max-video-preview":"max-video-preview:-1"},"canonical":"https:\/\/www.mamzelleconfetti.com\/ceresa\/presentation\/","og_locale":"fr_FR","og_type":"article","og_title":"Pr\u00e9sentation - Association CERESA","og_description":"Le\u00a0CERESA\u00a0(Centre R\u00e9gional d\u2019\u00c9ducation et de Services pour l\u2019Autisme) est une association loi 1901 cr\u00e9\u00e9e en juillet 2005 par un groupe de parents r\u00e9unis autour de\u00a0Madame le Pr Bernadette ROG\u00c9. NOTRE HISTOIRE Une rencontre fondatrice Le CERESA est n\u00e9 d\u2019une rencontre d\u00e9terminante entre des parents d\u2019enfants autistes et le Professeur Bernadette Rog\u00e9, sp\u00e9cialiste reconnue de l\u2019autisme [&hellip;]","og_url":"https:\/\/www.mamzelleconfetti.com\/ceresa\/presentation\/","og_site_name":"Association CERESA","article_modified_time":"2025-09-17T07:14:17+00:00","og_image":[{"width":1800,"height":600,"url":"https:\/\/www.mamzelleconfetti.com\/ceresa\/wp-content\/uploads\/2025\/07\/Minimalistic-Elegant-White-Wedding-Timeline.jpg","type":"image\/jpeg"}],"twitter_card":"summary_large_image","twitter_misc":{"Dur\u00e9e de lecture estim\u00e9e":"6 minutes"},"schema":{"@context":"https:\/\/schema.org","@graph":[{"@type":"WebPage","@id":"https:\/\/www.mamzelleconfetti.com\/ceresa\/presentation\/","url":"https:\/\/www.mamzelleconfetti.com\/ceresa\/presentation\/","name":"Pr\u00e9sentation - Association CERESA","isPartOf":{"@id":"https:\/\/www.mamzelleconfetti.com\/ceresa\/#website"},"primaryImageOfPage":{"@id":"https:\/\/www.mamzelleconfetti.com\/ceresa\/presentation\/#primaryimage"},"image":{"@id":"https:\/\/www.mamzelleconfetti.com\/ceresa\/presentation\/#primaryimage"},"thumbnailUrl":"https:\/\/www.mamzelleconfetti.com\/ceresa\/wp-content\/uploads\/2025\/07\/Minimalistic-Elegant-White-Wedding-Timeline.jpg","datePublished":"2025-06-27T10:22:30+00:00","dateModified":"2025-09-17T07:14:17+00:00","breadcrumb":{"@id":"https:\/\/www.mamzelleconfetti.com\/ceresa\/presentation\/#breadcrumb"},"inLanguage":"fr-FR","potentialAction":[{"@type":"ReadAction","target":["https:\/\/www.mamzelleconfetti.com\/ceresa\/presentation\/"]}]},{"@type":"ImageObject","inLanguage":"fr-FR","@id":"https:\/\/www.mamzelleconfetti.com\/ceresa\/presentation\/#primaryimage","url":"https:\/\/www.mamzelleconfetti.com\/ceresa\/wp-content\/uploads\/2025\/07\/Minimalistic-Elegant-White-Wedding-Timeline.jpg","contentUrl":"https:\/\/www.mamzelleconfetti.com\/ceresa\/wp-content\/uploads\/2025\/07\/Minimalistic-Elegant-White-Wedding-Timeline.jpg","width":1800,"height":600},{"@type":"BreadcrumbList","@id":"https:\/\/www.mamzelleconfetti.com\/ceresa\/presentation\/#breadcrumb","itemListElement":[{"@type":"ListItem","position":1,"name":"Accueil","item":"https:\/\/www.mamzelleconfetti.com\/ceresa\/"},{"@type":"ListItem","position":2,"name":"Pr\u00e9sentation"}]},{"@type":"WebSite","@id":"https:\/\/www.mamzelleconfetti.com\/ceresa\/#website","url":"https:\/\/www.mamzelleconfetti.com\/ceresa\/","name":"Association CERESA","description":"","alternateName":"CERESA","potentialAction":[{"@type":"SearchAction","target":{"@type":"EntryPoint","urlTemplate":"https:\/\/www.mamzelleconfetti.com\/ceresa\/?s={search_term_string}"},"query-input":{"@type":"PropertyValueSpecification","valueRequired":true,"valueName":"search_term_string"}}],"inLanguage":"fr-FR"}]}},"_links":{"self":[{"href":"https:\/\/www.mamzelleconfetti.com\/ceresa\/wp-json\/wp\/v2\/pages\/1330","targetHints":{"allow":["GET"]}}],"collection":[{"href":"https:\/\/www.mamzelleconfetti.com\/ceresa\/wp-json\/wp\/v2\/pages"}],"about":[{"href":"https:\/\/www.mamzelleconfetti.com\/ceresa\/wp-json\/wp\/v2\/types\/page"}],"author":[{"embeddable":true,"href":"https:\/\/www.mamzelleconfetti.com\/ceresa\/wp-json\/wp\/v2\/users\/1"}],"replies":[{"embeddable":true,"href":"https:\/\/www.mamzelleconfetti.com\/ceresa\/wp-json\/wp\/v2\/comments?post=1330"}],"version-history":[{"count":136,"href":"https:\/\/www.mamzelleconfetti.com\/ceresa\/wp-json\/wp\/v2\/pages\/1330\/revisions"}],"predecessor-version":[{"id":5627,"href":"https:\/\/www.mamzelleconfetti.com\/ceresa\/wp-json\/wp\/v2\/pages\/1330\/revisions\/5627"}],"wp:attachment":[{"href":"https:\/\/www.mamzelleconfetti.com\/ceresa\/wp-json\/wp\/v2\/media?parent=1330"}],"curies":[{"name":"wp","href":"https:\/\/api.w.org\/{rel}","templated":true}]}}