{"id":233,"date":"2025-05-16T13:11:20","date_gmt":"2025-05-16T13:11:20","guid":{"rendered":"https:\/\/www.mamzelleconfetti.com\/ceresa\/?page_id=233"},"modified":"2025-09-16T21:15:13","modified_gmt":"2025-09-16T21:15:13","slug":"actualites","status":"publish","type":"page","link":"https:\/\/www.mamzelleconfetti.com\/ceresa\/actualites\/","title":{"rendered":"ACTUALIT\u00c9S"},"content":{"rendered":"\t\t<div data-elementor-type=\"wp-page\" data-elementor-id=\"233\" class=\"elementor elementor-233\" data-elementor-post-type=\"page\">\n\t\t\t\t<div class=\"elementor-element elementor-element-dbb8209 e-con-full e-flex e-con e-parent\" data-id=\"dbb8209\" data-element_type=\"container\">\n\t\t<div class=\"elementor-element elementor-element-4d08a31 e-con-full e-flex e-con e-child\" data-id=\"4d08a31\" data-element_type=\"container\">\n\t\t\t\t<div class=\"elementor-element elementor-element-c8d7bb3 elementor-position-left elementor-vertical-align-middle elementor-view-default elementor-mobile-position-top elementor-widget elementor-widget-icon-box\" data-id=\"c8d7bb3\" data-element_type=\"widget\" data-widget_type=\"icon-box.default\">\n\t\t\t\t<div class=\"elementor-widget-container\">\n\t\t\t\t\t\t\t<div class=\"elementor-icon-box-wrapper\">\n\n\t\t\t\t\t\t<div class=\"elementor-icon-box-icon\">\n\t\t\t\t<span  class=\"elementor-icon\">\n\t\t\t\t<svg xmlns=\"http:\/\/www.w3.org\/2000\/svg\" id=\"Calque_1\" data-name=\"Calque 1\" viewBox=\"0 0 296.22 297.04\"><defs><style>      .cls-1 {        fill: #e94190;      }      .cls-2 {        fill: none;        stroke: #5a5959;        stroke-linecap: round;        stroke-linejoin: round;        stroke-width: 5px;      }    <\/style><\/defs><path class=\"cls-1\" d=\"M143.31,88.64l10.6,16.32c.48.74,1.21,1.27,2.06,1.5l18.8,5.04-12.25,15.13c-.55.68-.83,1.55-.79,2.43l1.02,19.44-18.17-6.97c-.82-.32-1.73-.32-2.55,0l-18.17,6.97,1.02-19.44c.05-.88-.23-1.74-.79-2.43l-12.25-15.13,18.8-5.04c.85-.23,1.58-.76,2.06-1.5l10.6-16.32Z\"><\/path><g><path class=\"cls-2\" d=\"M94.5,204.53V72.2h146.73v128.75s-2.33,23.84-11.65,23.84H79.36l15.14-20.27Z\"><\/path><path class=\"cls-2\" d=\"M79.36,224.84s-22.9.46-23.92-18.52c-1.03-18.99,0-95.45,0-95.45-.53-7.51,3.64-13.04,7.18-13.34,3.75-.32,9.26,4.99,9.24,13.34v88.77l22.64,1.56\"><\/path><line class=\"cls-2\" x1=\"62.62\" y1=\"97.53\" x2=\"94.5\" y2=\"97.53\"><\/line><line class=\"cls-2\" x1=\"181.35\" y1=\"103.01\" x2=\"221.68\" y2=\"103.01\"><\/line><line class=\"cls-2\" x1=\"181.35\" y1=\"141.98\" x2=\"221.68\" y2=\"141.98\"><\/line><line class=\"cls-2\" x1=\"115.85\" y1=\"171.49\" x2=\"221.68\" y2=\"171.49\"><\/line><line class=\"cls-2\" x1=\"115.85\" y1=\"201.51\" x2=\"221.68\" y2=\"201.51\"><\/line><\/g><\/svg>\t\t\t\t<\/span>\n\t\t\t<\/div>\n\t\t\t\n\t\t\t\t\t\t<div class=\"elementor-icon-box-content\">\n\n\t\t\t\t\t\t\t\t\t<h3 class=\"elementor-icon-box-title\">\n\t\t\t\t\t\t<span  >\n\t\t\t\t\t\t\tACTUALIT\u00c9S\t\t\t\t\t\t<\/span>\n\t\t\t\t\t<\/h3>\n\t\t\t\t\n\t\t\t\t\n\t\t\t<\/div>\n\t\t\t\n\t\t<\/div>\n\t\t\t\t\t\t<\/div>\n\t\t\t\t<\/div>\n\t\t\t\t<div class=\"elementor-element elementor-element-0cbfff1 elementor-widget__width-initial elementor-widget-divider--view-line elementor-widget elementor-widget-divider\" data-id=\"0cbfff1\" data-element_type=\"widget\" data-widget_type=\"divider.default\">\n\t\t\t\t<div class=\"elementor-widget-container\">\n\t\t\t\t\t\t\t<div class=\"elementor-divider\">\n\t\t\t<span class=\"elementor-divider-separator\">\n\t\t\t\t\t\t<\/span>\n\t\t<\/div>\n\t\t\t\t\t\t<\/div>\n\t\t\t\t<\/div>\n\t\t\t\t<div class=\"elementor-element elementor-element-17df041 elementor-widget elementor-widget-text-editor\" data-id=\"17df041\" data-element_type=\"widget\" data-widget_type=\"text-editor.default\">\n\t\t\t\t<div class=\"elementor-widget-container\">\n\t\t\t\t\t\t\t\t\t<p><strong data-start=\"288\" data-end=\"322\">\ud83d\udcf0 Suivez l&rsquo;actualit\u00e9 du CERESA<\/strong><br data-start=\"322\" data-end=\"325\" \/>\u00c9v\u00e8nements, projets, actions&#8230; retrouvez ici tout ce qui nous anime au quotidien !<\/p>\t\t\t\t\t\t\t\t<\/div>\n\t\t\t\t<\/div>\n\t\t\t\t<div class=\"elementor-element elementor-element-1c7b234 elementor-widget elementor-widget-spacer\" data-id=\"1c7b234\" data-element_type=\"widget\" data-widget_type=\"spacer.default\">\n\t\t\t\t<div class=\"elementor-widget-container\">\n\t\t\t\t\t\t\t<div class=\"elementor-spacer\">\n\t\t\t<div class=\"elementor-spacer-inner\"><\/div>\n\t\t<\/div>\n\t\t\t\t\t\t<\/div>\n\t\t\t\t<\/div>\n\t\t\t\t<div class=\"elementor-element elementor-element-4ed26fd elementor-grid-4 elementor-grid-tablet-2 elementor-grid-mobile-1 elementor-posts--thumbnail-top elementor-card-shadow-yes elementor-posts__hover-gradient elementor-widget elementor-widget-posts\" data-id=\"4ed26fd\" data-element_type=\"widget\" data-settings=\"{&quot;cards_columns&quot;:&quot;4&quot;,&quot;cards_columns_tablet&quot;:&quot;2&quot;,&quot;cards_columns_mobile&quot;:&quot;1&quot;,&quot;cards_row_gap&quot;:{&quot;unit&quot;:&quot;px&quot;,&quot;size&quot;:35,&quot;sizes&quot;:[]},&quot;cards_row_gap_tablet&quot;:{&quot;unit&quot;:&quot;px&quot;,&quot;size&quot;:&quot;&quot;,&quot;sizes&quot;:[]},&quot;cards_row_gap_mobile&quot;:{&quot;unit&quot;:&quot;px&quot;,&quot;size&quot;:&quot;&quot;,&quot;sizes&quot;:[]}}\" data-widget_type=\"posts.cards\">\n\t\t\t\t<div class=\"elementor-widget-container\">\n\t\t\t\t\t\t\t<div class=\"elementor-posts-container elementor-posts elementor-posts--skin-cards elementor-grid\">\n\t\t\t\t<article class=\"elementor-post elementor-grid-item post-4741 post type-post status-publish format-standard has-post-thumbnail hentry category-actualites category-benevolat category-news-events\">\n\t\t\t<div class=\"elementor-post__card\">\n\t\t\t\t<a class=\"elementor-post__thumbnail__link\" href=\"https:\/\/www.mamzelleconfetti.com\/ceresa\/nos-jeunes-au-coeur-du-rose-festival\/\" tabindex=\"-1\" ><div class=\"elementor-post__thumbnail\"><img fetchpriority=\"high\" decoding=\"async\" width=\"300\" height=\"282\" src=\"https:\/\/www.mamzelleconfetti.com\/ceresa\/wp-content\/uploads\/2025\/09\/Rose-festival-300x282.png\" class=\"attachment-medium size-medium wp-image-4748\" alt=\"\" srcset=\"https:\/\/www.mamzelleconfetti.com\/ceresa\/wp-content\/uploads\/2025\/09\/Rose-festival-300x282.png 300w, https:\/\/www.mamzelleconfetti.com\/ceresa\/wp-content\/uploads\/2025\/09\/Rose-festival.png 683w\" sizes=\"(max-width: 300px) 100vw, 300px\" \/><\/div><\/a>\n\t\t\t\t<div class=\"elementor-post__badge\">Actualit\u00e9s<\/div>\n\t\t\t\t<div class=\"elementor-post__text\">\n\t\t\t\t<h3 class=\"elementor-post__title\">\n\t\t\t<a href=\"https:\/\/www.mamzelleconfetti.com\/ceresa\/nos-jeunes-au-coeur-du-rose-festival\/\" >\n\t\t\t\tNOS JEUNES AU COEUR DU ROSE FESTIVAL\t\t\t<\/a>\n\t\t<\/h3>\n\t\t\t\t<div class=\"elementor-post__excerpt\">\n\t\t\t<p>Plong\u00e9s dans les coulisses du ROSE Festival \u00e0 Toulouse, d\u00e9couvrez les aventures hautes en couleur de nos jeunes !<br \/> Interview d\u2019un DJ, ateliers cr\u00e9atifs, b\u00e9n\u00e9volat et d\u00e9couvertes de m\u00e9tiers ont rythm\u00e9 la journ\u00e9e.<br \/> Un moment fort et festif, conclu par les concerts de DJ Bens, H\u00e9l\u00e9na et Magic System.<br \/> Une exp\u00e9rience unique, entre apprentissage et f\u00eate. <\/p>\t\t<\/div>\n\t\t\n\t\t<a class=\"elementor-post__read-more\" href=\"https:\/\/www.mamzelleconfetti.com\/ceresa\/nos-jeunes-au-coeur-du-rose-festival\/\" aria-label=\"En savoir plus sur NOS JEUNES AU COEUR DU ROSE FESTIVAL\" tabindex=\"-1\" >\n\t\t\tLire la suite \u00bb\t\t<\/a>\n\n\t\t\t\t<\/div>\n\t\t\t\t\t<\/div>\n\t\t<\/article>\n\t\t\t\t<article class=\"elementor-post elementor-grid-item post-2793 post type-post status-publish format-standard has-post-thumbnail hentry category-actualites\">\n\t\t\t<div class=\"elementor-post__card\">\n\t\t\t\t<a class=\"elementor-post__thumbnail__link\" href=\"https:\/\/www.mamzelleconfetti.com\/ceresa\/un-dispositif-pionnier-ouvre-a-martel\/\" tabindex=\"-1\" ><div class=\"elementor-post__thumbnail\"><img decoding=\"async\" width=\"300\" height=\"200\" src=\"https:\/\/www.mamzelleconfetti.com\/ceresa\/wp-content\/uploads\/2025\/07\/sandy-millar-nuS2GDpCDoI-unsplash-300x200.jpg\" class=\"attachment-medium size-medium wp-image-2794\" alt=\"\" srcset=\"https:\/\/www.mamzelleconfetti.com\/ceresa\/wp-content\/uploads\/2025\/07\/sandy-millar-nuS2GDpCDoI-unsplash-300x200.jpg 300w, https:\/\/www.mamzelleconfetti.com\/ceresa\/wp-content\/uploads\/2025\/07\/sandy-millar-nuS2GDpCDoI-unsplash-1024x683.jpg 1024w, https:\/\/www.mamzelleconfetti.com\/ceresa\/wp-content\/uploads\/2025\/07\/sandy-millar-nuS2GDpCDoI-unsplash-768x512.jpg 768w, https:\/\/www.mamzelleconfetti.com\/ceresa\/wp-content\/uploads\/2025\/07\/sandy-millar-nuS2GDpCDoI-unsplash-1536x1024.jpg 1536w, https:\/\/www.mamzelleconfetti.com\/ceresa\/wp-content\/uploads\/2025\/07\/sandy-millar-nuS2GDpCDoI-unsplash-2048x1365.jpg 2048w\" sizes=\"(max-width: 300px) 100vw, 300px\" \/><\/div><\/a>\n\t\t\t\t<div class=\"elementor-post__badge\">Actualit\u00e9s<\/div>\n\t\t\t\t<div class=\"elementor-post__text\">\n\t\t\t\t<h3 class=\"elementor-post__title\">\n\t\t\t<a href=\"https:\/\/www.mamzelleconfetti.com\/ceresa\/un-dispositif-pionnier-ouvre-a-martel\/\" >\n\t\t\t\tUn dispositif pionnier ouvre \u00e0 Martel\t\t\t<\/a>\n\t\t<\/h3>\n\t\t\t\t<div class=\"elementor-post__excerpt\">\n\t\t\t<p>\u00c0 Martel, un nouveau service accueille d\u00e8s la rentr\u00e9e de tr\u00e8s jeunes enfants avec suspicion de TSA.<br \/> L&rsquo;objectif est d&rsquo;intervenir le plus t\u00f4t possible gr\u00e2ce \u00e0 un accompagnement individualis\u00e9 et ludique.<br \/> Une avanc\u00e9e majeure pour le rep\u00e9rage et le soutien pr\u00e9coces.<\/p>\t\t<\/div>\n\t\t\n\t\t<a class=\"elementor-post__read-more\" href=\"https:\/\/www.mamzelleconfetti.com\/ceresa\/un-dispositif-pionnier-ouvre-a-martel\/\" aria-label=\"En savoir plus sur Un dispositif pionnier ouvre \u00e0 Martel\" tabindex=\"-1\" >\n\t\t\tLire la suite \u00bb\t\t<\/a>\n\n\t\t\t\t<\/div>\n\t\t\t\t\t<\/div>\n\t\t<\/article>\n\t\t\t\t<article class=\"elementor-post elementor-grid-item post-513 post type-post status-publish format-standard has-post-thumbnail hentry category-actualites category-benevolat\">\n\t\t\t<div class=\"elementor-post__card\">\n\t\t\t\t<a class=\"elementor-post__thumbnail__link\" href=\"https:\/\/www.mamzelleconfetti.com\/ceresa\/inauguration-de-notre-nouveau-batiment-a-martel\/\" tabindex=\"-1\" ><div class=\"elementor-post__thumbnail\"><img decoding=\"async\" width=\"300\" height=\"226\" src=\"https:\/\/www.mamzelleconfetti.com\/ceresa\/wp-content\/uploads\/2025\/06\/1-300x226.png\" class=\"attachment-medium size-medium wp-image-2511\" alt=\"\" srcset=\"https:\/\/www.mamzelleconfetti.com\/ceresa\/wp-content\/uploads\/2025\/06\/1-300x226.png 300w, https:\/\/www.mamzelleconfetti.com\/ceresa\/wp-content\/uploads\/2025\/06\/1-1024x771.png 1024w, https:\/\/www.mamzelleconfetti.com\/ceresa\/wp-content\/uploads\/2025\/06\/1-768x578.png 768w, https:\/\/www.mamzelleconfetti.com\/ceresa\/wp-content\/uploads\/2025\/06\/1-1536x1156.png 1536w, https:\/\/www.mamzelleconfetti.com\/ceresa\/wp-content\/uploads\/2025\/06\/1.png 2000w\" sizes=\"(max-width: 300px) 100vw, 300px\" \/><\/div><\/a>\n\t\t\t\t<div class=\"elementor-post__badge\">Actualit\u00e9s<\/div>\n\t\t\t\t<div class=\"elementor-post__text\">\n\t\t\t\t<h3 class=\"elementor-post__title\">\n\t\t\t<a href=\"https:\/\/www.mamzelleconfetti.com\/ceresa\/inauguration-de-notre-nouveau-batiment-a-martel\/\" >\n\t\t\t\tInauguration de notre nouveau b\u00e2timent \u00e0 Martel\t\t\t<\/a>\n\t\t<\/h3>\n\t\t\t\t<div class=\"elementor-post__excerpt\">\n\t\t\t<p>\u00c0 l\u2019occasion de la Journ\u00e9e Mondiale de sensibilisation \u00e0 l\u2019Autisme, l\u2019association CERESA a inaugur\u00e9 son nouveau b\u00e2timent \u00e0 Martel, marquant une \u00e9tape cl\u00e9 pour l\u2019accompagnement des jeunes avec TSA et de leurs familles dans le d\u00e9partement du Lot. <\/p>\t\t<\/div>\n\t\t\n\t\t<a class=\"elementor-post__read-more\" href=\"https:\/\/www.mamzelleconfetti.com\/ceresa\/inauguration-de-notre-nouveau-batiment-a-martel\/\" aria-label=\"En savoir plus sur Inauguration de notre nouveau b\u00e2timent \u00e0 Martel\" tabindex=\"-1\" >\n\t\t\tLire la suite \u00bb\t\t<\/a>\n\n\t\t\t\t<\/div>\n\t\t\t\t\t<\/div>\n\t\t<\/article>\n\t\t\t\t<article class=\"elementor-post elementor-grid-item post-2818 post type-post status-publish format-standard has-post-thumbnail hentry category-actualites category-benevolat\">\n\t\t\t<div class=\"elementor-post__card\">\n\t\t\t\t<a class=\"elementor-post__thumbnail__link\" href=\"https:\/\/www.mamzelleconfetti.com\/ceresa\/journee-mondiale-de-la-sensibilisation-a-lautisme\/\" tabindex=\"-1\" ><div class=\"elementor-post__thumbnail\"><img loading=\"lazy\" decoding=\"async\" width=\"225\" height=\"300\" src=\"https:\/\/www.mamzelleconfetti.com\/ceresa\/wp-content\/uploads\/2025\/07\/Ballon-bleu-225x300.jpg\" class=\"attachment-medium size-medium wp-image-2820\" alt=\"\" srcset=\"https:\/\/www.mamzelleconfetti.com\/ceresa\/wp-content\/uploads\/2025\/07\/Ballon-bleu-225x300.jpg 225w, https:\/\/www.mamzelleconfetti.com\/ceresa\/wp-content\/uploads\/2025\/07\/Ballon-bleu-768x1024.jpg 768w, https:\/\/www.mamzelleconfetti.com\/ceresa\/wp-content\/uploads\/2025\/07\/Ballon-bleu-1152x1536.jpg 1152w, https:\/\/www.mamzelleconfetti.com\/ceresa\/wp-content\/uploads\/2025\/07\/Ballon-bleu.jpg 1536w\" sizes=\"(max-width: 225px) 100vw, 225px\" \/><\/div><\/a>\n\t\t\t\t<div class=\"elementor-post__badge\">Actualit\u00e9s<\/div>\n\t\t\t\t<div class=\"elementor-post__text\">\n\t\t\t\t<h3 class=\"elementor-post__title\">\n\t\t\t<a href=\"https:\/\/www.mamzelleconfetti.com\/ceresa\/journee-mondiale-de-la-sensibilisation-a-lautisme\/\" >\n\t\t\t\tJourn\u00e9e mondiale de la sensibilisation \u00e0 l&rsquo;autisme\t\t\t<\/a>\n\t\t<\/h3>\n\t\t\t\t<div class=\"elementor-post__excerpt\">\n\t\t\t<p>Chaque ann\u00e9e, le 2 avril marque la Journ\u00e9e mondiale de sensibilisation \u00e0 l\u2019autisme, une initiative pour mieux faire conna\u00eetre les r\u00e9alit\u00e9s de l\u2019autisme, favoriser l\u2019inclusion, et lutter contre les st\u00e9r\u00e9otypes et la stigmatisation. \u00c0 cette occasion, notre association s\u2019engage en organisant diverses actions de sensibilisation, de partage et de solidarit\u00e9.<\/p>\t\t<\/div>\n\t\t\n\t\t<a class=\"elementor-post__read-more\" href=\"https:\/\/www.mamzelleconfetti.com\/ceresa\/journee-mondiale-de-la-sensibilisation-a-lautisme\/\" aria-label=\"En savoir plus sur Journ\u00e9e mondiale de la sensibilisation \u00e0 l&rsquo;autisme\" tabindex=\"-1\" >\n\t\t\tLire la suite \u00bb\t\t<\/a>\n\n\t\t\t\t<\/div>\n\t\t\t\t\t<\/div>\n\t\t<\/article>\n\t\t\t\t<\/div>\n\t\t\n\t\t\t\t\t\t<\/div>\n\t\t\t\t<\/div>\n\t\t\t\t<\/div>\n\t\t\t\t<\/div>\n\t\t<div class=\"elementor-element elementor-element-0bc539e e-con-full e-flex e-con e-parent\" data-id=\"0bc539e\" data-element_type=\"container\">\n\t\t\t\t<div class=\"elementor-element elementor-element-d1c188c elementor-widget elementor-widget-spacer\" data-id=\"d1c188c\" data-element_type=\"widget\" data-widget_type=\"spacer.default\">\n\t\t\t\t<div class=\"elementor-widget-container\">\n\t\t\t\t\t\t\t<div class=\"elementor-spacer\">\n\t\t\t<div class=\"elementor-spacer-inner\"><\/div>\n\t\t<\/div>\n\t\t\t\t\t\t<\/div>\n\t\t\t\t<\/div>\n\t\t\t\t<\/div>\n\t\t\t\t<\/div>\n\t\t","protected":false},"excerpt":{"rendered":"<p>ACTUALIT\u00c9S \ud83d\udcf0 Suivez l&rsquo;actualit\u00e9 du CERESA\u00c9v\u00e8nements, projets, actions&#8230; retrouvez ici tout ce qui nous anime au quotidien !<\/p>\n","protected":false},"author":1,"featured_media":0,"parent":0,"menu_order":0,"comment_status":"closed","ping_status":"closed","template":"elementor_header_footer","meta":{"footnotes":""},"class_list":["post-233","page","type-page","status-publish","hentry"],"yoast_head":"<!-- This site is optimized with the Yoast SEO plugin v25.4 - https:\/\/yoast.com\/wordpress\/plugins\/seo\/ -->\n<title>ACTUALIT\u00c9S - Association CERESA<\/title>\n<meta name=\"robots\" content=\"index, follow, max-snippet:-1, max-image-preview:large, max-video-preview:-1\" \/>\n<link rel=\"canonical\" href=\"https:\/\/www.mamzelleconfetti.com\/ceresa\/actualites\/\" \/>\n<meta property=\"og:locale\" content=\"fr_FR\" \/>\n<meta property=\"og:type\" content=\"article\" \/>\n<meta property=\"og:title\" content=\"ACTUALIT\u00c9S - Association CERESA\" \/>\n<meta property=\"og:description\" content=\"ACTUALIT\u00c9S \ud83d\udcf0 Suivez l&rsquo;actualit\u00e9 du CERESA\u00c9v\u00e8nements, projets, actions&#8230; retrouvez ici tout ce qui nous anime au quotidien !\" \/>\n<meta property=\"og:url\" content=\"https:\/\/www.mamzelleconfetti.com\/ceresa\/actualites\/\" \/>\n<meta property=\"og:site_name\" content=\"Association CERESA\" \/>\n<meta property=\"article:modified_time\" content=\"2025-09-16T21:15:13+00:00\" \/>\n<meta property=\"og:image\" content=\"https:\/\/www.mamzelleconfetti.com\/ceresa\/wp-content\/uploads\/2025\/05\/Logo-Association-Ceresa.png\" \/>\n\t<meta property=\"og:image:width\" content=\"696\" \/>\n\t<meta property=\"og:image:height\" content=\"501\" \/>\n\t<meta property=\"og:image:type\" content=\"image\/png\" \/>\n<meta name=\"twitter:card\" content=\"summary_large_image\" \/>\n<meta name=\"twitter:label1\" content=\"Dur\u00e9e de lecture estim\u00e9e\" \/>\n\t<meta name=\"twitter:data1\" content=\"3 minutes\" \/>\n<script type=\"application\/ld+json\" class=\"yoast-schema-graph\">{\"@context\":\"https:\/\/schema.org\",\"@graph\":[{\"@type\":\"WebPage\",\"@id\":\"https:\/\/www.mamzelleconfetti.com\/ceresa\/actualites\/\",\"url\":\"https:\/\/www.mamzelleconfetti.com\/ceresa\/actualites\/\",\"name\":\"ACTUALIT\u00c9S - Association CERESA\",\"isPartOf\":{\"@id\":\"https:\/\/www.mamzelleconfetti.com\/ceresa\/#website\"},\"datePublished\":\"2025-05-16T13:11:20+00:00\",\"dateModified\":\"2025-09-16T21:15:13+00:00\",\"breadcrumb\":{\"@id\":\"https:\/\/www.mamzelleconfetti.com\/ceresa\/actualites\/#breadcrumb\"},\"inLanguage\":\"fr-FR\",\"potentialAction\":[{\"@type\":\"ReadAction\",\"target\":[\"https:\/\/www.mamzelleconfetti.com\/ceresa\/actualites\/\"]}]},{\"@type\":\"BreadcrumbList\",\"@id\":\"https:\/\/www.mamzelleconfetti.com\/ceresa\/actualites\/#breadcrumb\",\"itemListElement\":[{\"@type\":\"ListItem\",\"position\":1,\"name\":\"Accueil\",\"item\":\"https:\/\/www.mamzelleconfetti.com\/ceresa\/\"},{\"@type\":\"ListItem\",\"position\":2,\"name\":\"ACTUALIT\u00c9S\"}]},{\"@type\":\"WebSite\",\"@id\":\"https:\/\/www.mamzelleconfetti.com\/ceresa\/#website\",\"url\":\"https:\/\/www.mamzelleconfetti.com\/ceresa\/\",\"name\":\"Association CERESA\",\"description\":\"\",\"alternateName\":\"CERESA\",\"potentialAction\":[{\"@type\":\"SearchAction\",\"target\":{\"@type\":\"EntryPoint\",\"urlTemplate\":\"https:\/\/www.mamzelleconfetti.com\/ceresa\/?s={search_term_string}\"},\"query-input\":{\"@type\":\"PropertyValueSpecification\",\"valueRequired\":true,\"valueName\":\"search_term_string\"}}],\"inLanguage\":\"fr-FR\"}]}<\/script>\n<!-- \/ Yoast SEO plugin. -->","yoast_head_json":{"title":"ACTUALIT\u00c9S - Association CERESA","robots":{"index":"index","follow":"follow","max-snippet":"max-snippet:-1","max-image-preview":"max-image-preview:large","max-video-preview":"max-video-preview:-1"},"canonical":"https:\/\/www.mamzelleconfetti.com\/ceresa\/actualites\/","og_locale":"fr_FR","og_type":"article","og_title":"ACTUALIT\u00c9S - Association CERESA","og_description":"ACTUALIT\u00c9S \ud83d\udcf0 Suivez l&rsquo;actualit\u00e9 du CERESA\u00c9v\u00e8nements, projets, actions&#8230; retrouvez ici tout ce qui nous anime au quotidien !","og_url":"https:\/\/www.mamzelleconfetti.com\/ceresa\/actualites\/","og_site_name":"Association CERESA","article_modified_time":"2025-09-16T21:15:13+00:00","og_image":[{"width":696,"height":501,"url":"https:\/\/www.mamzelleconfetti.com\/ceresa\/wp-content\/uploads\/2025\/05\/Logo-Association-Ceresa.png","type":"image\/png"}],"twitter_card":"summary_large_image","twitter_misc":{"Dur\u00e9e de lecture estim\u00e9e":"3 minutes"},"schema":{"@context":"https:\/\/schema.org","@graph":[{"@type":"WebPage","@id":"https:\/\/www.mamzelleconfetti.com\/ceresa\/actualites\/","url":"https:\/\/www.mamzelleconfetti.com\/ceresa\/actualites\/","name":"ACTUALIT\u00c9S - Association CERESA","isPartOf":{"@id":"https:\/\/www.mamzelleconfetti.com\/ceresa\/#website"},"datePublished":"2025-05-16T13:11:20+00:00","dateModified":"2025-09-16T21:15:13+00:00","breadcrumb":{"@id":"https:\/\/www.mamzelleconfetti.com\/ceresa\/actualites\/#breadcrumb"},"inLanguage":"fr-FR","potentialAction":[{"@type":"ReadAction","target":["https:\/\/www.mamzelleconfetti.com\/ceresa\/actualites\/"]}]},{"@type":"BreadcrumbList","@id":"https:\/\/www.mamzelleconfetti.com\/ceresa\/actualites\/#breadcrumb","itemListElement":[{"@type":"ListItem","position":1,"name":"Accueil","item":"https:\/\/www.mamzelleconfetti.com\/ceresa\/"},{"@type":"ListItem","position":2,"name":"ACTUALIT\u00c9S"}]},{"@type":"WebSite","@id":"https:\/\/www.mamzelleconfetti.com\/ceresa\/#website","url":"https:\/\/www.mamzelleconfetti.com\/ceresa\/","name":"Association CERESA","description":"","alternateName":"CERESA","potentialAction":[{"@type":"SearchAction","target":{"@type":"EntryPoint","urlTemplate":"https:\/\/www.mamzelleconfetti.com\/ceresa\/?s={search_term_string}"},"query-input":{"@type":"PropertyValueSpecification","valueRequired":true,"valueName":"search_term_string"}}],"inLanguage":"fr-FR"}]}},"_links":{"self":[{"href":"https:\/\/www.mamzelleconfetti.com\/ceresa\/wp-json\/wp\/v2\/pages\/233","targetHints":{"allow":["GET"]}}],"collection":[{"href":"https:\/\/www.mamzelleconfetti.com\/ceresa\/wp-json\/wp\/v2\/pages"}],"about":[{"href":"https:\/\/www.mamzelleconfetti.com\/ceresa\/wp-json\/wp\/v2\/types\/page"}],"author":[{"embeddable":true,"href":"https:\/\/www.mamzelleconfetti.com\/ceresa\/wp-json\/wp\/v2\/users\/1"}],"replies":[{"embeddable":true,"href":"https:\/\/www.mamzelleconfetti.com\/ceresa\/wp-json\/wp\/v2\/comments?post=233"}],"version-history":[{"count":62,"href":"https:\/\/www.mamzelleconfetti.com\/ceresa\/wp-json\/wp\/v2\/pages\/233\/revisions"}],"predecessor-version":[{"id":5531,"href":"https:\/\/www.mamzelleconfetti.com\/ceresa\/wp-json\/wp\/v2\/pages\/233\/revisions\/5531"}],"wp:attachment":[{"href":"https:\/\/www.mamzelleconfetti.com\/ceresa\/wp-json\/wp\/v2\/media?parent=233"}],"curies":[{"name":"wp","href":"https:\/\/api.w.org\/{rel}","templated":true}]}}